{"id":2773,"date":"2018-12-02T22:02:54","date_gmt":"2018-12-02T22:02:54","guid":{"rendered":"https:\/\/site2.ombudsman.hr\/?page_id=2773"},"modified":"2025-09-09T15:04:29","modified_gmt":"2025-09-09T13:04:29","slug":"zamjenici","status":"publish","type":"page","link":"https:\/\/www.ombudsman.hr\/hr\/zamjenici\/","title":{"rendered":"Zamjenici pu\u010dke pravobraniteljice"},"content":{"rendered":"\t\t<div data-elementor-type=\"wp-page\" data-elementor-id=\"2773\" class=\"elementor elementor-2773\" data-elementor-post-type=\"page\">\n\t\t\t\t\t\t<section class=\"elementor-section elementor-top-section elementor-element elementor-element-d695ed2 elementor-section-height-min-height elementor-section-boxed elementor-section-height-default elementor-section-items-middle\" data-id=\"d695ed2\" data-element_type=\"section\" data-e-type=\"section\" data-settings=\"{&quot;background_background&quot;:&quot;classic&quot;}\">\n\t\t\t\t\t\t<div class=\"elementor-container elementor-column-gap-default\">\n\t\t\t\t\t<div class=\"elementor-column elementor-col-100 elementor-top-column elementor-element elementor-element-342b986\" data-id=\"342b986\" data-element_type=\"column\" data-e-type=\"column\">\n\t\t\t<div class=\"elementor-widget-wrap elementor-element-populated\">\n\t\t\t\t\t\t<div class=\"elementor-element elementor-element-6d09591 elementor-widget elementor-widget-heading\" data-id=\"6d09591\" data-element_type=\"widget\" data-e-type=\"widget\" data-widget_type=\"heading.default\">\n\t\t\t\t<div class=\"elementor-widget-container\">\n\t\t\t\t\t<h1 class=\"elementor-heading-title elementor-size-default\">Zamjenici pu\u010dke pravobraniteljice <\/h1>\t\t\t\t<\/div>\n\t\t\t\t<\/div>\n\t\t\t\t\t<\/div>\n\t\t<\/div>\n\t\t\t\t\t<\/div>\n\t\t<\/section>\n\t\t\t\t<section class=\"elementor-section elementor-top-section elementor-element elementor-element-29c00d3 elementor-section-boxed elementor-section-height-default elementor-section-height-default\" data-id=\"29c00d3\" data-element_type=\"section\" data-e-type=\"section\">\n\t\t\t\t\t\t<div class=\"elementor-container elementor-column-gap-default\">\n\t\t\t\t\t<div class=\"elementor-column elementor-col-100 elementor-top-column elementor-element elementor-element-1e3dfdf\" data-id=\"1e3dfdf\" data-element_type=\"column\" data-e-type=\"column\">\n\t\t\t<div class=\"elementor-widget-wrap elementor-element-populated\">\n\t\t\t\t\t\t<section class=\"elementor-section elementor-inner-section elementor-element elementor-element-7cb5709 elementor-section-boxed elementor-section-height-default elementor-section-height-default\" data-id=\"7cb5709\" data-element_type=\"section\" data-e-type=\"section\">\n\t\t\t\t\t\t<div class=\"elementor-container elementor-column-gap-default\">\n\t\t\t\t\t<div class=\"elementor-column elementor-col-50 elementor-inner-column elementor-element elementor-element-c4f05d4\" data-id=\"c4f05d4\" data-element_type=\"column\" data-e-type=\"column\">\n\t\t\t<div class=\"elementor-widget-wrap elementor-element-populated\">\n\t\t\t\t\t\t<div class=\"elementor-element elementor-element-d90032c elementor-widget elementor-widget-image\" data-id=\"d90032c\" data-element_type=\"widget\" data-e-type=\"widget\" data-widget_type=\"image.default\">\n\t\t\t\t<div class=\"elementor-widget-container\">\n\t\t\t\t\t\t\t\t\t\t\t\t\t\t\t<img fetchpriority=\"high\" decoding=\"async\" width=\"225\" height=\"300\" src=\"https:\/\/www.ombudsman.hr\/wp-content\/uploads\/2025\/01\/CR0_0695-Enhanced-NR-vert-2-1-225x300-1.jpg\" class=\"attachment-large size-large wp-image-20366\" alt=\"\" \/>\t\t\t\t\t\t\t\t\t\t\t\t\t\t\t<\/div>\n\t\t\t\t<\/div>\n\t\t\t\t\t<\/div>\n\t\t<\/div>\n\t\t\t\t<div class=\"elementor-column elementor-col-50 elementor-inner-column elementor-element elementor-element-a989556\" data-id=\"a989556\" data-element_type=\"column\" data-e-type=\"column\">\n\t\t\t<div class=\"elementor-widget-wrap elementor-element-populated\">\n\t\t\t\t\t\t<div class=\"elementor-element elementor-element-c33c736 elementor-widget elementor-widget-text-editor\" data-id=\"c33c736\" data-element_type=\"widget\" data-e-type=\"widget\" data-widget_type=\"text-editor.default\">\n\t\t\t\t<div class=\"elementor-widget-container\">\n\t\t\t\t\t\t\t\t\t<p><strong>Dijana Kesonja<\/strong> ro\u0111ena je 1.11.1975. u Rijeci, a diplomirala je na Pravnom fakultetu Sveu\u010dili\u0161ta u Rijeci 1999., gdje je 2015. zavr\u0161ila i poslijediplomski specijalisti\u010dki studij. Pravosudni ispit polo\u017eila je 2001. a nakon vje\u017ebeni\u010dkog sta\u017ea karijeru zapo\u010dinje kao odvjetnica 2003. godine. Od 2014. radi kao savjetnica pu\u010dke pravobraniteljice za pravne poslove i strate\u0161ku litigaciju u Slu\u017ebi za suzbijanje diskriminacije u Podru\u010dnom uredu u Rijeci. Na du\u017enost zamjenice pu\u010dke pravobraniteljice izabrana je u Hrvatskom saboru 15. srpnja 2021.<br><br><\/p>\n<p><\/p>\n<p>U dosada\u0161njoj karijeri specijalizirala se u podru\u010dju suzbijanja diskriminacije, posebno u podru\u010dju rada i zapo\u0161ljavanja, za\u0161tite prijavitelja nepravilnosti te govora mr\u017enje.<br><br><\/p>\n<p><\/p>\n<p>Bila je \u010dlanica mnogih stru\u010dnih radnih skupina i sudjelovala u radu brojnih me\u0111unarodnih seminara, konferencija i tribina iz podru\u010dja ljudskih prava. Vodila je i mnoge edukacije vezane za suzbijanje diskriminacije za javne slu\u017ebenike, studente, sindikalne predstavnike, kao i predstavnike drugih ombudsmanskih institucija izvan Hrvatske.<\/p>\t\t\t\t\t\t\t\t<\/div>\n\t\t\t\t<\/div>\n\t\t\t\t\t<\/div>\n\t\t<\/div>\n\t\t\t\t\t<\/div>\n\t\t<\/section>\n\t\t\t\t\t<\/div>\n\t\t<\/div>\n\t\t\t\t\t<\/div>\n\t\t<\/section>\n\t\t\t\t<section class=\"elementor-section elementor-top-section elementor-element elementor-element-6643179 elementor-section-boxed elementor-section-height-default elementor-section-height-default\" data-id=\"6643179\" data-element_type=\"section\" data-e-type=\"section\">\n\t\t\t\t\t\t<div class=\"elementor-container elementor-column-gap-default\">\n\t\t\t\t\t<div class=\"elementor-column elementor-col-100 elementor-top-column elementor-element elementor-element-c1b3b1d\" data-id=\"c1b3b1d\" data-element_type=\"column\" data-e-type=\"column\">\n\t\t\t<div class=\"elementor-widget-wrap elementor-element-populated\">\n\t\t\t\t\t\t<div class=\"elementor-element elementor-element-2882047 elementor-widget-divider--view-line elementor-widget elementor-widget-divider\" data-id=\"2882047\" data-element_type=\"widget\" data-e-type=\"widget\" data-widget_type=\"divider.default\">\n\t\t\t\t<div class=\"elementor-widget-container\">\n\t\t\t\t\t\t\t<div class=\"elementor-divider\">\n\t\t\t<span class=\"elementor-divider-separator\">\n\t\t\t\t\t\t<\/span>\n\t\t<\/div>\n\t\t\t\t\t\t<\/div>\n\t\t\t\t<\/div>\n\t\t\t\t\t<\/div>\n\t\t<\/div>\n\t\t\t\t\t<\/div>\n\t\t<\/section>\n\t\t\t\t<section class=\"elementor-section elementor-top-section elementor-element elementor-element-8cba3f0 elementor-section-boxed elementor-section-height-default elementor-section-height-default\" data-id=\"8cba3f0\" data-element_type=\"section\" data-e-type=\"section\">\n\t\t\t\t\t\t<div class=\"elementor-container elementor-column-gap-default\">\n\t\t\t\t\t<div class=\"elementor-column elementor-col-100 elementor-top-column elementor-element elementor-element-0cacd24\" data-id=\"0cacd24\" data-element_type=\"column\" data-e-type=\"column\">\n\t\t\t<div class=\"elementor-widget-wrap elementor-element-populated\">\n\t\t\t\t\t\t<section class=\"elementor-section elementor-inner-section elementor-element elementor-element-d53f76a elementor-reverse-tablet elementor-reverse-mobile elementor-section-boxed elementor-section-height-default elementor-section-height-default\" data-id=\"d53f76a\" data-element_type=\"section\" data-e-type=\"section\">\n\t\t\t\t\t\t<div class=\"elementor-container elementor-column-gap-default\">\n\t\t\t\t\t<div class=\"elementor-column elementor-col-50 elementor-inner-column elementor-element elementor-element-8dc4557\" data-id=\"8dc4557\" data-element_type=\"column\" data-e-type=\"column\">\n\t\t\t<div class=\"elementor-widget-wrap elementor-element-populated\">\n\t\t\t\t\t\t<div class=\"elementor-element elementor-element-f343dd7 elementor-widget elementor-widget-text-editor\" data-id=\"f343dd7\" data-element_type=\"widget\" data-e-type=\"widget\" data-widget_type=\"text-editor.default\">\n\t\t\t\t<div class=\"elementor-widget-container\">\n\t\t\t\t\t\t\t\t\t<p><strong>Sedina Dubrav\u010di\u0107<\/strong>\u00a0ro\u0111ena je 10. svibnja 1982. u Rijeci, a diplomirala je na Pravnom fakultetu Sveu\u010dili\u0161ta u Rijeci 2006. godine. Svoju karijeru zapo\u010dinje radom u Ministarstvu financija \u2013 Poreznoj upravi, a nakon toga nastavlja u Ministarstvu pravosu\u0111a, gdje je obavljala poslove voditelja Odjela za sukcesiju, tajnika Kabineta ministra i voditelja Slu\u017ebe za me\u0111unarodnu suradnju i izradu i unaprje\u0111enje normativnog okvira u Sektoru za sprje\u010davanje korupcije.<\/p><p><br \/>Kao \u010dlanica pravnog tima Republike Hrvatske, u o\u017eujku 2014. sudjeluje na raspravi u povodu tu\u017ebe Republike Hrvatske protiv Republike Srbije zbog povrede odredbi Konvencije o spre\u010davanju i ka\u017enjavanju zlo\u010dina genocida pred Me\u0111unarodnim sudom pravde u Den Haagu. Od 2021. godine radi kao savjetnica pu\u010dke pravobraniteljice za pravne poslove u Slu\u017ebi za za\u0161titu prijavitelja nepravilnosti.<\/p><p><br \/>Bila je \u010dlanica vi\u0161e stru\u010dnih radnih skupina te je sudjelovala u radu i organizaciji brojnih me\u0111unarodnih seminara, konferencija na visokoj razini iz podru\u010dja sprje\u010davanja korupcije te doga\u0111anja u sklopu hrvatskog predsjedanja Vije\u0107em Europske Unije 2020. godine. Vodila je i edukacije vezane za za\u0161titu prijavitelja nepravilnosti za povjerljive osobe.<\/p><p><br \/>Na du\u017enost zamjenice pu\u010dke pravobraniteljice izabrana je u Hrvatskom saboru 12. srpnja 2024. godine.<\/p>\t\t\t\t\t\t\t\t<\/div>\n\t\t\t\t<\/div>\n\t\t\t\t\t<\/div>\n\t\t<\/div>\n\t\t\t\t<div class=\"elementor-column elementor-col-50 elementor-inner-column elementor-element elementor-element-f69d1a5\" data-id=\"f69d1a5\" data-element_type=\"column\" data-e-type=\"column\">\n\t\t\t<div class=\"elementor-widget-wrap elementor-element-populated\">\n\t\t\t\t\t\t<div class=\"elementor-element elementor-element-c00611c elementor-widget elementor-widget-image\" data-id=\"c00611c\" data-element_type=\"widget\" data-e-type=\"widget\" data-widget_type=\"image.default\">\n\t\t\t\t<div class=\"elementor-widget-container\">\n\t\t\t\t\t\t\t\t\t\t\t\t\t\t\t<img decoding=\"async\" width=\"201\" height=\"300\" src=\"https:\/\/www.ombudsman.hr\/wp-content\/uploads\/2025\/01\/DSC_0837-Copy-3-201x300-1.jpg\" class=\"attachment-large size-large wp-image-20370\" alt=\"\" \/>\t\t\t\t\t\t\t\t\t\t\t\t\t\t\t<\/div>\n\t\t\t\t<\/div>\n\t\t\t\t\t<\/div>\n\t\t<\/div>\n\t\t\t\t\t<\/div>\n\t\t<\/section>\n\t\t\t\t\t<\/div>\n\t\t<\/div>\n\t\t\t\t\t<\/div>\n\t\t<\/section>\n\t\t\t\t<section class=\"elementor-section elementor-top-section elementor-element elementor-element-55a17e1 elementor-section-boxed elementor-section-height-default elementor-section-height-default\" data-id=\"55a17e1\" data-element_type=\"section\" data-e-type=\"section\">\n\t\t\t\t\t\t<div class=\"elementor-container elementor-column-gap-default\">\n\t\t\t\t\t<div class=\"elementor-column elementor-col-100 elementor-top-column elementor-element elementor-element-2e8671e\" data-id=\"2e8671e\" data-element_type=\"column\" data-e-type=\"column\">\n\t\t\t<div class=\"elementor-widget-wrap elementor-element-populated\">\n\t\t\t\t\t\t<div class=\"elementor-element elementor-element-3bfff68 elementor-widget-divider--view-line elementor-widget elementor-widget-divider\" data-id=\"3bfff68\" data-element_type=\"widget\" data-e-type=\"widget\" data-widget_type=\"divider.default\">\n\t\t\t\t<div class=\"elementor-widget-container\">\n\t\t\t\t\t\t\t<div class=\"elementor-divider\">\n\t\t\t<span class=\"elementor-divider-separator\">\n\t\t\t\t\t\t<\/span>\n\t\t<\/div>\n\t\t\t\t\t\t<\/div>\n\t\t\t\t<\/div>\n\t\t\t\t\t<\/div>\n\t\t<\/div>\n\t\t\t\t\t<\/div>\n\t\t<\/section>\n\t\t\t\t<section class=\"elementor-section elementor-top-section elementor-element elementor-element-f334667 elementor-section-boxed elementor-section-height-default elementor-section-height-default\" data-id=\"f334667\" data-element_type=\"section\" data-e-type=\"section\">\n\t\t\t\t\t\t<div class=\"elementor-container elementor-column-gap-default\">\n\t\t\t\t\t<div class=\"elementor-column elementor-col-100 elementor-top-column elementor-element elementor-element-9cdf8d3\" data-id=\"9cdf8d3\" data-element_type=\"column\" data-e-type=\"column\">\n\t\t\t<div class=\"elementor-widget-wrap elementor-element-populated\">\n\t\t\t\t\t\t<section class=\"elementor-section elementor-inner-section elementor-element elementor-element-8f1395c elementor-section-boxed elementor-section-height-default elementor-section-height-default\" data-id=\"8f1395c\" data-element_type=\"section\" data-e-type=\"section\">\n\t\t\t\t\t\t<div class=\"elementor-container elementor-column-gap-default\">\n\t\t\t\t\t<div class=\"elementor-column elementor-col-50 elementor-inner-column elementor-element elementor-element-34b0165\" data-id=\"34b0165\" data-element_type=\"column\" data-e-type=\"column\">\n\t\t\t<div class=\"elementor-widget-wrap elementor-element-populated\">\n\t\t\t\t\t\t<div class=\"elementor-element elementor-element-8443147 elementor-widget elementor-widget-image\" data-id=\"8443147\" data-element_type=\"widget\" data-e-type=\"widget\" data-widget_type=\"image.default\">\n\t\t\t\t<div class=\"elementor-widget-container\">\n\t\t\t\t\t\t\t\t\t\t\t\t\t\t\t<img decoding=\"async\" width=\"225\" height=\"300\" src=\"https:\/\/www.ombudsman.hr\/wp-content\/uploads\/2025\/01\/CR0_0207-Enhanced-NR-vert-225x300-1.jpg\" class=\"attachment-large size-large wp-image-20374\" alt=\"\" \/>\t\t\t\t\t\t\t\t\t\t\t\t\t\t\t<\/div>\n\t\t\t\t<\/div>\n\t\t\t\t\t<\/div>\n\t\t<\/div>\n\t\t\t\t<div class=\"elementor-column elementor-col-50 elementor-inner-column elementor-element elementor-element-90d36d0\" data-id=\"90d36d0\" data-element_type=\"column\" data-e-type=\"column\">\n\t\t\t<div class=\"elementor-widget-wrap elementor-element-populated\">\n\t\t\t\t\t\t<div class=\"elementor-element elementor-element-8dc8ef2 elementor-widget elementor-widget-text-editor\" data-id=\"8dc8ef2\" data-element_type=\"widget\" data-e-type=\"widget\" data-widget_type=\"text-editor.default\">\n\t\t\t\t<div class=\"elementor-widget-container\">\n\t\t\t\t\t\t\t\t\t<p><strong>Sa\u0161a Raji\u0107<\/strong> ro\u0111en je 7. srpnja 1964. u Zagrebu. Na Edukacijsko-rehabilitacijskom fakultetu stekao je diplomu defektologa \u2013 socijalnog pedagoga, kao i titulu doktora znanosti, specijalizirav\u0161i se u podru\u010dju prevencije nasilja u zatvorskom sustavu.<\/p><p>\u00a0<\/p><p>Na du\u017enost zamjenika pu\u010dke pravobraniteljice dolazi s mjesta upravitelja Zatvorske bolnice u Zagrebu, a u vi\u0161e od 30 godina dugoj karijeri radio je na mnogim rukovode\u0107im pozicijama unutar Ministarstva pravosu\u0111a i uprave, zatvorskog sustava, kao i sustava probacije i podr\u0161ke \u017ertvama i svjedocima.<\/p><p>\u00a0<\/p><p>Sudjelovao je i u mnogim doma\u0107im i me\u0111unarodnim projektima, konferencijama i stru\u010dnim skupovima vezanim uz rad zatvorskog sustava i probacijske slu\u017ebe. Autor je i niza radova iz ovog podru\u010dja, a bio je i predava\u010d u Centru za izobrazbu Uprave za zatvorski sustav i probaciju te gostuju\u0107i predava\u010d i izvoditelj klini\u010dkih vje\u017ebi na Edukacijsko-rehabilitacijskom fakultetu.<\/p>\t\t\t\t\t\t\t\t<\/div>\n\t\t\t\t<\/div>\n\t\t\t\t\t<\/div>\n\t\t<\/div>\n\t\t\t\t\t<\/div>\n\t\t<\/section>\n\t\t\t\t\t<\/div>\n\t\t<\/div>\n\t\t\t\t\t<\/div>\n\t\t<\/section>\n\t\t\t\t<section class=\"elementor-section elementor-top-section elementor-element elementor-element-48673d4 elementor-section-boxed elementor-section-height-default elementor-section-height-default\" data-id=\"48673d4\" data-element_type=\"section\" data-e-type=\"section\">\n\t\t\t\t\t\t<div class=\"elementor-container elementor-column-gap-default\">\n\t\t\t\t\t<div class=\"elementor-column elementor-col-100 elementor-top-column elementor-element elementor-element-ca787d4\" data-id=\"ca787d4\" data-element_type=\"column\" data-e-type=\"column\">\n\t\t\t<div class=\"elementor-widget-wrap elementor-element-populated\">\n\t\t\t\t\t\t<div class=\"elementor-element elementor-element-bd4a447 elementor-widget-divider--view-line elementor-widget elementor-widget-divider\" data-id=\"bd4a447\" data-element_type=\"widget\" data-e-type=\"widget\" data-widget_type=\"divider.default\">\n\t\t\t\t<div class=\"elementor-widget-container\">\n\t\t\t\t\t\t\t<div class=\"elementor-divider\">\n\t\t\t<span class=\"elementor-divider-separator\">\n\t\t\t\t\t\t<\/span>\n\t\t<\/div>\n\t\t\t\t\t\t<\/div>\n\t\t\t\t<\/div>\n\t\t\t\t\t<\/div>\n\t\t<\/div>\n\t\t\t\t\t<\/div>\n\t\t<\/section>\n\t\t\t\t<section class=\"elementor-section elementor-top-section elementor-element elementor-element-2cce786 elementor-section-boxed elementor-section-height-default elementor-section-height-default\" data-id=\"2cce786\" data-element_type=\"section\" data-e-type=\"section\">\n\t\t\t\t\t\t<div class=\"elementor-container elementor-column-gap-default\">\n\t\t\t\t\t<div class=\"elementor-column elementor-col-100 elementor-top-column elementor-element elementor-element-d75c26a\" data-id=\"d75c26a\" data-element_type=\"column\" data-e-type=\"column\">\n\t\t\t<div class=\"elementor-widget-wrap elementor-element-populated\">\n\t\t\t\t\t\t<section class=\"elementor-section elementor-inner-section elementor-element elementor-element-e6d0a76 elementor-reverse-tablet elementor-reverse-mobile elementor-section-boxed elementor-section-height-default elementor-section-height-default\" data-id=\"e6d0a76\" data-element_type=\"section\" data-e-type=\"section\">\n\t\t\t\t\t\t<div class=\"elementor-container elementor-column-gap-default\">\n\t\t\t\t\t<div class=\"elementor-column elementor-col-50 elementor-inner-column elementor-element elementor-element-fb902b6\" data-id=\"fb902b6\" data-element_type=\"column\" data-e-type=\"column\">\n\t\t\t<div class=\"elementor-widget-wrap elementor-element-populated\">\n\t\t\t\t\t\t<div class=\"elementor-element elementor-element-d9b79d4 elementor-widget elementor-widget-text-editor\" data-id=\"d9b79d4\" data-element_type=\"widget\" data-e-type=\"widget\" data-widget_type=\"text-editor.default\">\n\t\t\t\t<div class=\"elementor-widget-container\">\n\t\t\t\t\t\t\t\t\t<p><strong>Tatjana Vla\u0161i\u0107<\/strong> ro\u0111ena je 12.1.1978. u Zagrebu gdje je 2003. godine diplomirala na Filozofskom fakultetu. Na Sveu\u010dili\u0161tima u Sarajevu i Bologni magistrirala je u podru\u010dju demokracije i ljudskih prava, a kao dobitnica Fulbrightove stipendije specijalizirala se i na Sveu\u010dili\u0161tu Berkley vezano za istra\u017eivanja anti-diskriminacijske politike.<\/p><p>\u00a0<\/p><p>Od 2008. radi kao savjetnica, a zatim i pomo\u0107nica ravnatelja u Uredu za ljudska prava i prava nacionalnih manjina Vlade RH. Od 2015. zaposlena je kao savjetnica u Uredu pu\u010dke pravobraniteljice gdje je vodila niz doma\u0107ih i me\u0111unarodnih projekata, istra\u017eivanja, edukacija, suradnji, kampanja i konferencija vezanih uz za\u0161titu ljudskih prava i suzbijanje diskriminacije.<\/p><p>\u00a0<\/p><p>U svom radu se istaknula u podru\u010dju suradnje s klju\u010dnim me\u0111unarodnim dionicima poput UN-a, UNHCR-a, Vije\u0107a Europe i OESS-a\/ODIHR-a, kao i nacionalna \u010dasnica za vezu ispred Vlade RH vezano za suradnju s Agencijom EU za temeljna prava (FRA). Bila je i trenerica Dr\u017eavne \u0161kole za javnu upravu u podru\u010dju anti-diskriminacije i ustavne za\u0161tite ljudskih prava, a vodila je i posljednji proces akreditacije Ureda pu\u010dke pravobraniteljice 2019. koji je prema Pari\u0161kim principima u tri navrata (2008., 2013. i 2019.) postao nositelj najvi\u0161eg statusa A.<\/p>\t\t\t\t\t\t\t\t<\/div>\n\t\t\t\t<\/div>\n\t\t\t\t\t<\/div>\n\t\t<\/div>\n\t\t\t\t<div class=\"elementor-column elementor-col-50 elementor-inner-column elementor-element elementor-element-cb79eff\" data-id=\"cb79eff\" data-element_type=\"column\" data-e-type=\"column\">\n\t\t\t<div class=\"elementor-widget-wrap elementor-element-populated\">\n\t\t\t\t\t\t<div class=\"elementor-element elementor-element-842c075 elementor-widget elementor-widget-image\" data-id=\"842c075\" data-element_type=\"widget\" data-e-type=\"widget\" data-widget_type=\"image.default\">\n\t\t\t\t<div class=\"elementor-widget-container\">\n\t\t\t\t\t\t\t\t\t\t\t\t\t\t\t<img loading=\"lazy\" decoding=\"async\" width=\"257\" height=\"300\" src=\"https:\/\/www.ombudsman.hr\/wp-content\/uploads\/2025\/01\/CR0_0307-Enhanced-NR-Copy-257x300-1.jpg\" class=\"attachment-large size-large wp-image-20375\" alt=\"\" \/>\t\t\t\t\t\t\t\t\t\t\t\t\t\t\t<\/div>\n\t\t\t\t<\/div>\n\t\t\t\t\t<\/div>\n\t\t<\/div>\n\t\t\t\t\t<\/div>\n\t\t<\/section>\n\t\t\t\t\t<\/div>\n\t\t<\/div>\n\t\t\t\t\t<\/div>\n\t\t<\/section>\n\t\t\t\t<\/div>\n\t\t","protected":false},"excerpt":{"rendered":"<p>Zamjenici pu\u010dke pravobraniteljice Dijana Kesonja ro\u0111ena je 1.11.1975. u Rijeci, a diplomirala je na Pravnom fakultetu Sveu\u010dili\u0161ta u Rijeci 1999., gdje je 2015. zavr\u0161ila i poslijediplomski specijalisti\u010dki studij. Pravosudni ispit polo\u017eila je 2001. a nakon vje\u017ebeni\u010dkog sta\u017ea karijeru zapo\u010dinje kao odvjetnica 2003. godine. Od 2014. radi kao savjetnica pu\u010dke pravobraniteljice za pravne poslove i strate\u0161ku [&hellip;]<\/p>\n","protected":false},"author":1,"featured_media":0,"parent":0,"menu_order":0,"comment_status":"closed","ping_status":"closed","template":"","meta":{"footnotes":""},"tags":[],"class_list":["post-2773","page","type-page","status-publish","hentry"],"_links":{"self":[{"href":"https:\/\/www.ombudsman.hr\/hr\/wp-json\/wp\/v2\/pages\/2773","targetHints":{"allow":["GET"]}}],"collection":[{"href":"https:\/\/www.ombudsman.hr\/hr\/wp-json\/wp\/v2\/pages"}],"about":[{"href":"https:\/\/www.ombudsman.hr\/hr\/wp-json\/wp\/v2\/types\/page"}],"author":[{"embeddable":true,"href":"https:\/\/www.ombudsman.hr\/hr\/wp-json\/wp\/v2\/users\/1"}],"replies":[{"embeddable":true,"href":"https:\/\/www.ombudsman.hr\/hr\/wp-json\/wp\/v2\/comments?post=2773"}],"version-history":[{"count":81,"href":"https:\/\/www.ombudsman.hr\/hr\/wp-json\/wp\/v2\/pages\/2773\/revisions"}],"predecessor-version":[{"id":22056,"href":"https:\/\/www.ombudsman.hr\/hr\/wp-json\/wp\/v2\/pages\/2773\/revisions\/22056"}],"wp:attachment":[{"href":"https:\/\/www.ombudsman.hr\/hr\/wp-json\/wp\/v2\/media?parent=2773"}],"wp:term":[{"taxonomy":"post_tag","embeddable":true,"href":"https:\/\/www.ombudsman.hr\/hr\/wp-json\/wp\/v2\/tags?post=2773"}],"curies":[{"name":"wp","href":"https:\/\/api.w.org\/{rel}","templated":true}]}}