{"id":20245,"date":"2025-01-22T14:39:43","date_gmt":"2025-01-22T12:39:43","guid":{"rendered":"https:\/\/stagesite.ombudsman.hr\/hr\/?page_id=20245"},"modified":"2025-09-04T09:31:58","modified_gmt":"2025-09-04T07:31:58","slug":"korisne-informacije","status":"publish","type":"page","link":"https:\/\/www.ombudsman.hr\/hr\/korisne-informacije\/","title":{"rendered":"Korisne informacije"},"content":{"rendered":"\t\t<div data-elementor-type=\"wp-page\" data-elementor-id=\"20245\" class=\"elementor elementor-20245\" data-elementor-post-type=\"page\">\n\t\t\t\t\t\t<section class=\"elementor-section elementor-top-section elementor-element elementor-element-0d2b887 elementor-section-height-min-height elementor-section-boxed elementor-section-height-default elementor-section-items-middle\" data-id=\"0d2b887\" data-element_type=\"section\" data-e-type=\"section\" data-settings=\"{&quot;background_background&quot;:&quot;classic&quot;}\">\n\t\t\t\t\t\t<div class=\"elementor-container elementor-column-gap-default\">\n\t\t\t\t\t<div class=\"elementor-column elementor-col-100 elementor-top-column elementor-element elementor-element-719393b\" data-id=\"719393b\" data-element_type=\"column\" data-e-type=\"column\">\n\t\t\t<div class=\"elementor-widget-wrap elementor-element-populated\">\n\t\t\t\t\t\t<div class=\"elementor-element elementor-element-dbb6e94 elementor-widget elementor-widget-heading\" data-id=\"dbb6e94\" data-element_type=\"widget\" data-e-type=\"widget\" data-widget_type=\"heading.default\">\n\t\t\t\t<div class=\"elementor-widget-container\">\n\t\t\t\t\t<h1 class=\"elementor-heading-title elementor-size-default\">Korisne informacije<\/h1>\t\t\t\t<\/div>\n\t\t\t\t<\/div>\n\t\t\t\t\t<\/div>\n\t\t<\/div>\n\t\t\t\t\t<\/div>\n\t\t<\/section>\n\t\t\t\t<section class=\"elementor-section elementor-top-section elementor-element elementor-element-7011ac8 elementor-section-boxed elementor-section-height-default elementor-section-height-default\" data-id=\"7011ac8\" data-element_type=\"section\" data-e-type=\"section\">\n\t\t\t\t\t\t<div class=\"elementor-container elementor-column-gap-default\">\n\t\t\t\t\t<div class=\"elementor-column elementor-col-100 elementor-top-column elementor-element elementor-element-cab09ea\" data-id=\"cab09ea\" data-element_type=\"column\" data-e-type=\"column\">\n\t\t\t<div class=\"elementor-widget-wrap elementor-element-populated\">\n\t\t\t\t\t\t<div class=\"elementor-element elementor-element-ce4da4f elementor-grid-4 elementor-grid-tablet-2 elementor-grid-mobile-1 elementor-posts--thumbnail-top elementor-widget elementor-widget-posts\" data-id=\"ce4da4f\" data-element_type=\"widget\" data-e-type=\"widget\" data-settings=\"{&quot;classic_columns&quot;:&quot;4&quot;,&quot;pagination_type&quot;:&quot;load_more_infinite_scroll&quot;,&quot;classic_columns_tablet&quot;:&quot;2&quot;,&quot;classic_columns_mobile&quot;:&quot;1&quot;,&quot;classic_row_gap&quot;:{&quot;unit&quot;:&quot;px&quot;,&quot;size&quot;:35,&quot;sizes&quot;:[]},&quot;classic_row_gap_tablet&quot;:{&quot;unit&quot;:&quot;px&quot;,&quot;size&quot;:&quot;&quot;,&quot;sizes&quot;:[]},&quot;classic_row_gap_mobile&quot;:{&quot;unit&quot;:&quot;px&quot;,&quot;size&quot;:&quot;&quot;,&quot;sizes&quot;:[]},&quot;load_more_spinner&quot;:{&quot;value&quot;:&quot;fas fa-spinner&quot;,&quot;library&quot;:&quot;fa-solid&quot;}}\" data-widget_type=\"posts.classic\">\n\t\t\t\t<div class=\"elementor-widget-container\">\n\t\t\t\t\t\t\t<div class=\"elementor-posts-container elementor-posts elementor-posts--skin-classic elementor-grid\" role=\"list\">\n\t\t\t\t<article class=\"elementor-post elementor-grid-item post-22461 post type-post status-publish format-standard has-post-thumbnail hentry category-novosti tag-dobro-upravljanje tag-korisne-informacije tag-pravo-na-dobro-upravljanje\" role=\"listitem\">\n\t\t\t\t<a class=\"elementor-post__thumbnail__link\" href=\"https:\/\/www.ombudsman.hr\/hr\/odnos-institucija-prema-gradanima-vodic-kroz-pravo-na-dobro-upravljanje\/\" tabindex=\"-1\" >\n\t\t\t<div class=\"elementor-post__thumbnail\"><img fetchpriority=\"high\" decoding=\"async\" width=\"640\" height=\"427\" src=\"https:\/\/www.ombudsman.hr\/wp-content\/uploads\/2025\/10\/uredski-rad.jpg\" class=\"attachment-full size-full wp-image-22465\" alt=\"Rad u uredu\" srcset=\"https:\/\/www.ombudsman.hr\/wp-content\/uploads\/2025\/10\/uredski-rad.jpg 640w, https:\/\/www.ombudsman.hr\/wp-content\/uploads\/2025\/10\/uredski-rad-300x200.jpg 300w\" sizes=\"(max-width: 640px) 100vw, 640px\" \/><\/div>\n\t\t<\/a>\n\t\t\t\t<div class=\"elementor-post__text\">\n\t\t\t\t<h3 class=\"elementor-post__title\">\n\t\t\t<a href=\"https:\/\/www.ombudsman.hr\/hr\/odnos-institucija-prema-gradanima-vodic-kroz-pravo-na-dobro-upravljanje\/\" >\n\t\t\t\tOdnos institucija prema gra\u0111anima: vodi\u010d kroz pravo na dobro upravljanje\t\t\t<\/a>\n\t\t<\/h3>\n\t\t\t\t<div class=\"elementor-post__meta-data\">\n\t\t\t\t\t<span class=\"elementor-post-date\">\n\t\t\t06.10.2025.\t\t<\/span>\n\t\t\t\t<\/div>\n\t\t\n\t\t<a class=\"elementor-post__read-more\" href=\"https:\/\/www.ombudsman.hr\/hr\/odnos-institucija-prema-gradanima-vodic-kroz-pravo-na-dobro-upravljanje\/\" aria-label=\"Read more about Odnos institucija prema gra\u0111anima: vodi\u010d kroz pravo na dobro upravljanje\" tabindex=\"-1\" >\n\t\t\tVi\u0161e \u00bb\t\t<\/a>\n\n\t\t\t\t<\/div>\n\t\t\t\t<\/article>\n\t\t\t\t<article class=\"elementor-post elementor-grid-item post-22453 post type-post status-publish format-standard has-post-thumbnail hentry category-novosti tag-starije-osobe tag-korisne-informacije tag-mladi\" role=\"listitem\">\n\t\t\t\t<a class=\"elementor-post__thumbnail__link\" href=\"https:\/\/www.ombudsman.hr\/hr\/sto-je-ageizam-i-kako-ga-prepoznati\/\" tabindex=\"-1\" >\n\t\t\t<div class=\"elementor-post__thumbnail\"><img decoding=\"async\" width=\"426\" height=\"356\" src=\"https:\/\/www.ombudsman.hr\/wp-content\/uploads\/2025\/04\/Starije-osobe-e1744885130220.jpg\" class=\"attachment-full size-full wp-image-21154\" alt=\"Stariji par hoda ulicom\" srcset=\"https:\/\/www.ombudsman.hr\/wp-content\/uploads\/2025\/04\/Starije-osobe-e1744885130220.jpg 426w, https:\/\/www.ombudsman.hr\/wp-content\/uploads\/2025\/04\/Starije-osobe-e1744885130220-300x251.jpg 300w\" sizes=\"(max-width: 426px) 100vw, 426px\" \/><\/div>\n\t\t<\/a>\n\t\t\t\t<div class=\"elementor-post__text\">\n\t\t\t\t<h3 class=\"elementor-post__title\">\n\t\t\t<a href=\"https:\/\/www.ombudsman.hr\/hr\/sto-je-ageizam-i-kako-ga-prepoznati\/\" >\n\t\t\t\t\u0160to je ageizam i kako ga prepoznati\t\t\t<\/a>\n\t\t<\/h3>\n\t\t\t\t<div class=\"elementor-post__meta-data\">\n\t\t\t\t\t<span class=\"elementor-post-date\">\n\t\t\t01.10.2025.\t\t<\/span>\n\t\t\t\t<\/div>\n\t\t\n\t\t<a class=\"elementor-post__read-more\" href=\"https:\/\/www.ombudsman.hr\/hr\/sto-je-ageizam-i-kako-ga-prepoznati\/\" aria-label=\"Read more about \u0160to je ageizam i kako ga prepoznati\" tabindex=\"-1\" >\n\t\t\tVi\u0161e \u00bb\t\t<\/a>\n\n\t\t\t\t<\/div>\n\t\t\t\t<\/article>\n\t\t\t\t<article class=\"elementor-post elementor-grid-item post-22456 post type-post status-publish format-standard has-post-thumbnail hentry category-novosti tag-studenti tag-zdravlje tag-korisne-informacije tag-mladi tag-primjeri tag-zdravstvo\" role=\"listitem\">\n\t\t\t\t<a class=\"elementor-post__thumbnail__link\" href=\"https:\/\/www.ombudsman.hr\/hr\/zdravstveno-osiguranje-studenata-iz-rh-u-eu-u\/\" tabindex=\"-1\" >\n\t\t\t<div class=\"elementor-post__thumbnail\"><img decoding=\"async\" width=\"640\" height=\"427\" src=\"https:\/\/www.ombudsman.hr\/wp-content\/uploads\/2023\/01\/Ucenje-studenti.jpg\" class=\"attachment-full size-full wp-image-15277\" alt=\"Studentica pi\u0161e bilje\u0161ke\" srcset=\"https:\/\/www.ombudsman.hr\/wp-content\/uploads\/2023\/01\/Ucenje-studenti.jpg 640w, https:\/\/www.ombudsman.hr\/wp-content\/uploads\/2023\/01\/Ucenje-studenti-300x200.jpg 300w, https:\/\/www.ombudsman.hr\/wp-content\/uploads\/2023\/01\/Ucenje-studenti-585x390.jpg 585w\" sizes=\"(max-width: 640px) 100vw, 640px\" \/><\/div>\n\t\t<\/a>\n\t\t\t\t<div class=\"elementor-post__text\">\n\t\t\t\t<h3 class=\"elementor-post__title\">\n\t\t\t<a href=\"https:\/\/www.ombudsman.hr\/hr\/zdravstveno-osiguranje-studenata-iz-rh-u-eu-u\/\" >\n\t\t\t\tZdravstveno osiguranje studenata iz RH u EU-u\t\t\t<\/a>\n\t\t<\/h3>\n\t\t\t\t<div class=\"elementor-post__meta-data\">\n\t\t\t\t\t<span class=\"elementor-post-date\">\n\t\t\t01.10.2025.\t\t<\/span>\n\t\t\t\t<\/div>\n\t\t\n\t\t<a class=\"elementor-post__read-more\" href=\"https:\/\/www.ombudsman.hr\/hr\/zdravstveno-osiguranje-studenata-iz-rh-u-eu-u\/\" aria-label=\"Read more about Zdravstveno osiguranje studenata iz RH u EU-u\" tabindex=\"-1\" >\n\t\t\tVi\u0161e \u00bb\t\t<\/a>\n\n\t\t\t\t<\/div>\n\t\t\t\t<\/article>\n\t\t\t\t<article class=\"elementor-post elementor-grid-item post-21556 post type-post status-publish format-standard has-post-thumbnail hentry category-novosti tag-suzbijanje-diskriminacije tag-korisne-informacije\" role=\"listitem\">\n\t\t\t\t<a class=\"elementor-post__thumbnail__link\" href=\"https:\/\/www.ombudsman.hr\/hr\/svjetski-dan-nulte-tolerancije-na-diskriminaciju-2\/\" tabindex=\"-1\" >\n\t\t\t<div class=\"elementor-post__thumbnail\"><img loading=\"lazy\" decoding=\"async\" width=\"792\" height=\"425\" src=\"https:\/\/www.ombudsman.hr\/wp-content\/uploads\/2025\/02\/Vodic-D-vizual.png\" class=\"attachment-full size-full wp-image-21141\" alt=\"\" srcset=\"https:\/\/www.ombudsman.hr\/wp-content\/uploads\/2025\/02\/Vodic-D-vizual.png 792w, https:\/\/www.ombudsman.hr\/wp-content\/uploads\/2025\/02\/Vodic-D-vizual-300x161.png 300w, https:\/\/www.ombudsman.hr\/wp-content\/uploads\/2025\/02\/Vodic-D-vizual-768x412.png 768w, https:\/\/www.ombudsman.hr\/wp-content\/uploads\/2025\/02\/Vodic-D-vizual-585x314.png 585w\" sizes=\"(max-width: 792px) 100vw, 792px\" \/><\/div>\n\t\t<\/a>\n\t\t\t\t<div class=\"elementor-post__text\">\n\t\t\t\t<h3 class=\"elementor-post__title\">\n\t\t\t<a href=\"https:\/\/www.ombudsman.hr\/hr\/svjetski-dan-nulte-tolerancije-na-diskriminaciju-2\/\" >\n\t\t\t\tDan nulte tolerancije na diskriminaciju\t\t\t<\/a>\n\t\t<\/h3>\n\t\t\t\t<div class=\"elementor-post__meta-data\">\n\t\t\t\t\t<span class=\"elementor-post-date\">\n\t\t\t28.02.2025.\t\t<\/span>\n\t\t\t\t<\/div>\n\t\t\n\t\t<a class=\"elementor-post__read-more\" href=\"https:\/\/www.ombudsman.hr\/hr\/svjetski-dan-nulte-tolerancije-na-diskriminaciju-2\/\" aria-label=\"Read more about Dan nulte tolerancije na diskriminaciju\" tabindex=\"-1\" >\n\t\t\tVi\u0161e \u00bb\t\t<\/a>\n\n\t\t\t\t<\/div>\n\t\t\t\t<\/article>\n\t\t\t\t<article class=\"elementor-post elementor-grid-item post-21519 post type-post status-publish format-standard has-post-thumbnail hentry category-novosti tag-branitelji-ljudskih-prava tag-korisne-informacije\" role=\"listitem\">\n\t\t\t\t<a class=\"elementor-post__thumbnail__link\" href=\"https:\/\/www.ombudsman.hr\/hr\/tko-su-branitelji-ljudskih-prava-i-zasto-su-vazni\/\" tabindex=\"-1\" >\n\t\t\t<div class=\"elementor-post__thumbnail\"><img loading=\"lazy\" decoding=\"async\" width=\"1120\" height=\"630\" src=\"https:\/\/www.ombudsman.hr\/wp-content\/uploads\/2024\/12\/ruke-zajedno.jpg\" class=\"attachment-full size-full wp-image-21115\" alt=\"\" srcset=\"https:\/\/www.ombudsman.hr\/wp-content\/uploads\/2024\/12\/ruke-zajedno.jpg 1120w, https:\/\/www.ombudsman.hr\/wp-content\/uploads\/2024\/12\/ruke-zajedno-300x169.jpg 300w, https:\/\/www.ombudsman.hr\/wp-content\/uploads\/2024\/12\/ruke-zajedno-1024x576.jpg 1024w, https:\/\/www.ombudsman.hr\/wp-content\/uploads\/2024\/12\/ruke-zajedno-768x432.jpg 768w, https:\/\/www.ombudsman.hr\/wp-content\/uploads\/2024\/12\/ruke-zajedno-585x329.jpg 585w\" sizes=\"(max-width: 1120px) 100vw, 1120px\" \/><\/div>\n\t\t<\/a>\n\t\t\t\t<div class=\"elementor-post__text\">\n\t\t\t\t<h3 class=\"elementor-post__title\">\n\t\t\t<a href=\"https:\/\/www.ombudsman.hr\/hr\/tko-su-branitelji-ljudskih-prava-i-zasto-su-vazni\/\" >\n\t\t\t\tTko su branitelji ljudskih prava i za\u0161to su va\u017eni\t\t\t<\/a>\n\t\t<\/h3>\n\t\t\t\t<div class=\"elementor-post__meta-data\">\n\t\t\t\t\t<span class=\"elementor-post-date\">\n\t\t\t10.12.2024.\t\t<\/span>\n\t\t\t\t<\/div>\n\t\t\n\t\t<a class=\"elementor-post__read-more\" href=\"https:\/\/www.ombudsman.hr\/hr\/tko-su-branitelji-ljudskih-prava-i-zasto-su-vazni\/\" aria-label=\"Read more about Tko su branitelji ljudskih prava i za\u0161to su va\u017eni\" tabindex=\"-1\" >\n\t\t\tVi\u0161e \u00bb\t\t<\/a>\n\n\t\t\t\t<\/div>\n\t\t\t\t<\/article>\n\t\t\t\t<article class=\"elementor-post elementor-grid-item post-21517 post type-post status-publish format-standard has-post-thumbnail hentry category-novosti tag-siromastvo tag-socijalna-skrb tag-korisne-informacije tag-socijalno-ugrozeni\" role=\"listitem\">\n\t\t\t\t<a class=\"elementor-post__thumbnail__link\" href=\"https:\/\/www.ombudsman.hr\/hr\/koju-pomoc-mogu-ostvariti-najsiromasniji-gradjani\/\" tabindex=\"-1\" >\n\t\t\t<div class=\"elementor-post__thumbnail\"><img loading=\"lazy\" decoding=\"async\" width=\"640\" height=\"426\" src=\"https:\/\/www.ombudsman.hr\/wp-content\/uploads\/2016\/10\/poverty-797948_640.jpg\" class=\"attachment-full size-full wp-image-6258\" alt=\"siroma\u0161tvo, besku\u0107nik\" srcset=\"https:\/\/www.ombudsman.hr\/wp-content\/uploads\/2016\/10\/poverty-797948_640.jpg 640w, https:\/\/www.ombudsman.hr\/wp-content\/uploads\/2016\/10\/poverty-797948_640-300x200.jpg 300w, https:\/\/www.ombudsman.hr\/wp-content\/uploads\/2016\/10\/poverty-797948_640-585x389.jpg 585w\" sizes=\"(max-width: 640px) 100vw, 640px\" \/><\/div>\n\t\t<\/a>\n\t\t\t\t<div class=\"elementor-post__text\">\n\t\t\t\t<h3 class=\"elementor-post__title\">\n\t\t\t<a href=\"https:\/\/www.ombudsman.hr\/hr\/koju-pomoc-mogu-ostvariti-najsiromasniji-gradjani\/\" >\n\t\t\t\tKoju pomo\u0107 mogu ostvariti najsiroma\u0161niji gra\u0111ani\t\t\t<\/a>\n\t\t<\/h3>\n\t\t\t\t<div class=\"elementor-post__meta-data\">\n\t\t\t\t\t<span class=\"elementor-post-date\">\n\t\t\t09.12.2024.\t\t<\/span>\n\t\t\t\t<\/div>\n\t\t\n\t\t<a class=\"elementor-post__read-more\" href=\"https:\/\/www.ombudsman.hr\/hr\/koju-pomoc-mogu-ostvariti-najsiromasniji-gradjani\/\" aria-label=\"Read more about Koju pomo\u0107 mogu ostvariti najsiroma\u0161niji gra\u0111ani\" tabindex=\"-1\" >\n\t\t\tVi\u0161e \u00bb\t\t<\/a>\n\n\t\t\t\t<\/div>\n\t\t\t\t<\/article>\n\t\t\t\t<article class=\"elementor-post elementor-grid-item post-21514 post type-post status-publish format-standard has-post-thumbnail hentry category-novosti tag-korisne-informacije tag-korupcija tag-prijavitelji-nepravilnosti-tzv-zvizdaci tag-vladavina-prava tag-zastita-prijavitelja-nepravilnosti-zvizdaca\" role=\"listitem\">\n\t\t\t\t<a class=\"elementor-post__thumbnail__link\" href=\"https:\/\/www.ombudsman.hr\/hr\/javno-razotkrivanje-sto-je-kada-se-koristi-i-kako-pomaze-u-borbi-protiv-korupcije\/\" tabindex=\"-1\" >\n\t\t\t<div class=\"elementor-post__thumbnail\"><img loading=\"lazy\" decoding=\"async\" width=\"640\" height=\"416\" src=\"https:\/\/www.ombudsman.hr\/wp-content\/uploads\/2022\/06\/Zvizdaci-korupcija-domino.jpg\" class=\"attachment-full size-full wp-image-14501\" alt=\"zvi\u017eda\u010di\" srcset=\"https:\/\/www.ombudsman.hr\/wp-content\/uploads\/2022\/06\/Zvizdaci-korupcija-domino.jpg 640w, https:\/\/www.ombudsman.hr\/wp-content\/uploads\/2022\/06\/Zvizdaci-korupcija-domino-300x195.jpg 300w, https:\/\/www.ombudsman.hr\/wp-content\/uploads\/2022\/06\/Zvizdaci-korupcija-domino-585x380.jpg 585w\" sizes=\"(max-width: 640px) 100vw, 640px\" \/><\/div>\n\t\t<\/a>\n\t\t\t\t<div class=\"elementor-post__text\">\n\t\t\t\t<h3 class=\"elementor-post__title\">\n\t\t\t<a href=\"https:\/\/www.ombudsman.hr\/hr\/javno-razotkrivanje-sto-je-kada-se-koristi-i-kako-pomaze-u-borbi-protiv-korupcije\/\" >\n\t\t\t\tJavno razotkrivanje \u2013 \u0161to je, kada se koristi i kako poma\u017ee u borbi protiv korupcije\t\t\t<\/a>\n\t\t<\/h3>\n\t\t\t\t<div class=\"elementor-post__meta-data\">\n\t\t\t\t\t<span class=\"elementor-post-date\">\n\t\t\t09.12.2024.\t\t<\/span>\n\t\t\t\t<\/div>\n\t\t\n\t\t<a class=\"elementor-post__read-more\" href=\"https:\/\/www.ombudsman.hr\/hr\/javno-razotkrivanje-sto-je-kada-se-koristi-i-kako-pomaze-u-borbi-protiv-korupcije\/\" aria-label=\"Read more about Javno razotkrivanje \u2013 \u0161to je, kada se koristi i kako poma\u017ee u borbi protiv korupcije\" tabindex=\"-1\" >\n\t\t\tVi\u0161e \u00bb\t\t<\/a>\n\n\t\t\t\t<\/div>\n\t\t\t\t<\/article>\n\t\t\t\t<article class=\"elementor-post elementor-grid-item post-21452 post type-post status-publish format-standard has-post-thumbnail hentry category-novosti tag-dogadaji tag-korisne-informacije tag-korupcija tag-prijavitelji-nepravilnosti-tzv-zvizdaci tag-suradnja tag-vladavina-prava tag-zastita-prijavitelja-nepravilnosti-zvizdaca\" role=\"listitem\">\n\t\t\t\t<a class=\"elementor-post__thumbnail__link\" href=\"https:\/\/www.ombudsman.hr\/hr\/predstavljen-vodi-za-prijavitelje-nepravilnosti\/\" tabindex=\"-1\" >\n\t\t\t<div class=\"elementor-post__thumbnail\"><img loading=\"lazy\" decoding=\"async\" width=\"2560\" height=\"1440\" src=\"https:\/\/www.ombudsman.hr\/wp-content\/uploads\/2024\/09\/7__-scaled.jpg\" class=\"attachment-full size-full wp-image-21056\" alt=\"\" srcset=\"https:\/\/www.ombudsman.hr\/wp-content\/uploads\/2024\/09\/7__-scaled.jpg 2560w, https:\/\/www.ombudsman.hr\/wp-content\/uploads\/2024\/09\/7__-300x169.jpg 300w, https:\/\/www.ombudsman.hr\/wp-content\/uploads\/2024\/09\/7__-1024x576.jpg 1024w, https:\/\/www.ombudsman.hr\/wp-content\/uploads\/2024\/09\/7__-768x432.jpg 768w, https:\/\/www.ombudsman.hr\/wp-content\/uploads\/2024\/09\/7__-1536x864.jpg 1536w, https:\/\/www.ombudsman.hr\/wp-content\/uploads\/2024\/09\/7__-2048x1152.jpg 2048w, https:\/\/www.ombudsman.hr\/wp-content\/uploads\/2024\/09\/7__-1200x675.jpg 1200w, https:\/\/www.ombudsman.hr\/wp-content\/uploads\/2024\/09\/7__-585x329.jpg 585w\" sizes=\"(max-width: 2560px) 100vw, 2560px\" \/><\/div>\n\t\t<\/a>\n\t\t\t\t<div class=\"elementor-post__text\">\n\t\t\t\t<h3 class=\"elementor-post__title\">\n\t\t\t<a href=\"https:\/\/www.ombudsman.hr\/hr\/predstavljen-vodi-za-prijavitelje-nepravilnosti\/\" >\n\t\t\t\tPredstavljen Vodi\u010d za prijavitelje nepravilnosti\t\t\t<\/a>\n\t\t<\/h3>\n\t\t\t\t<div class=\"elementor-post__meta-data\">\n\t\t\t\t\t<span class=\"elementor-post-date\">\n\t\t\t20.09.2024.\t\t<\/span>\n\t\t\t\t<\/div>\n\t\t\n\t\t<a class=\"elementor-post__read-more\" href=\"https:\/\/www.ombudsman.hr\/hr\/predstavljen-vodi-za-prijavitelje-nepravilnosti\/\" aria-label=\"Read more about Predstavljen Vodi\u010d za prijavitelje nepravilnosti\" tabindex=\"-1\" >\n\t\t\tVi\u0161e \u00bb\t\t<\/a>\n\n\t\t\t\t<\/div>\n\t\t\t\t<\/article>\n\t\t\t\t<article class=\"elementor-post elementor-grid-item post-21436 post type-post status-publish format-standard has-post-thumbnail hentry category-novosti tag-korisne-informacije tag-umjetna-inteligencija tag-zakoni-drugi-propisi-i-strateski-dokumenti\" role=\"listitem\">\n\t\t\t\t<a class=\"elementor-post__thumbnail__link\" href=\"https:\/\/www.ombudsman.hr\/hr\/na-snagu-je-stupila-uredba-o-umjetnoj-inteligenciji-to-donosi-i-za-to-je-va-na-za-gra-ane\/\" tabindex=\"-1\" >\n\t\t\t<div class=\"elementor-post__thumbnail\"><img loading=\"lazy\" decoding=\"async\" width=\"353\" height=\"206\" src=\"https:\/\/www.ombudsman.hr\/wp-content\/uploads\/2022\/04\/umjetna-inteligencija-za-web.jpg\" class=\"attachment-full size-full wp-image-13705\" alt=\"Umjetna inteligencija\" srcset=\"https:\/\/www.ombudsman.hr\/wp-content\/uploads\/2022\/04\/umjetna-inteligencija-za-web.jpg 353w, https:\/\/www.ombudsman.hr\/wp-content\/uploads\/2022\/04\/umjetna-inteligencija-za-web-300x175.jpg 300w\" sizes=\"(max-width: 353px) 100vw, 353px\" \/><\/div>\n\t\t<\/a>\n\t\t\t\t<div class=\"elementor-post__text\">\n\t\t\t\t<h3 class=\"elementor-post__title\">\n\t\t\t<a href=\"https:\/\/www.ombudsman.hr\/hr\/na-snagu-je-stupila-uredba-o-umjetnoj-inteligenciji-to-donosi-i-za-to-je-va-na-za-gra-ane\/\" >\n\t\t\t\tNa snagu je stupila Uredba o umjetnoj inteligenciji \u2013 \u0161to donosi i za\u0161to je va\u017ena za gra\u0111ane\t\t\t<\/a>\n\t\t<\/h3>\n\t\t\t\t<div class=\"elementor-post__meta-data\">\n\t\t\t\t\t<span class=\"elementor-post-date\">\n\t\t\t01.08.2024.\t\t<\/span>\n\t\t\t\t<\/div>\n\t\t\n\t\t<a class=\"elementor-post__read-more\" href=\"https:\/\/www.ombudsman.hr\/hr\/na-snagu-je-stupila-uredba-o-umjetnoj-inteligenciji-to-donosi-i-za-to-je-va-na-za-gra-ane\/\" aria-label=\"Read more about Na snagu je stupila Uredba o umjetnoj inteligenciji \u2013 \u0161to donosi i za\u0161to je va\u017ena za gra\u0111ane\" tabindex=\"-1\" >\n\t\t\tVi\u0161e \u00bb\t\t<\/a>\n\n\t\t\t\t<\/div>\n\t\t\t\t<\/article>\n\t\t\t\t<article class=\"elementor-post elementor-grid-item post-21328 post type-post status-publish format-standard has-post-thumbnail hentry category-novosti tag-korisne-informacije tag-sloboda-izrazavanja tag-vladavina-prava\" role=\"listitem\">\n\t\t\t\t<a class=\"elementor-post__thumbnail__link\" href=\"https:\/\/www.ombudsman.hr\/hr\/vaznost-i-utjecaj-politickog-govora-u-predizborno-vrijeme\/\" tabindex=\"-1\" >\n\t\t\t<div class=\"elementor-post__thumbnail\"><img loading=\"lazy\" decoding=\"async\" width=\"2560\" height=\"1707\" src=\"https:\/\/www.ombudsman.hr\/wp-content\/uploads\/2024\/03\/kane-reinholdtsen-LETdkk7wHQk-unsplash-scaled.jpg\" class=\"attachment-full size-full wp-image-20888\" alt=\"\" srcset=\"https:\/\/www.ombudsman.hr\/wp-content\/uploads\/2024\/03\/kane-reinholdtsen-LETdkk7wHQk-unsplash-scaled.jpg 2560w, https:\/\/www.ombudsman.hr\/wp-content\/uploads\/2024\/03\/kane-reinholdtsen-LETdkk7wHQk-unsplash-300x200.jpg 300w, https:\/\/www.ombudsman.hr\/wp-content\/uploads\/2024\/03\/kane-reinholdtsen-LETdkk7wHQk-unsplash-1024x683.jpg 1024w, https:\/\/www.ombudsman.hr\/wp-content\/uploads\/2024\/03\/kane-reinholdtsen-LETdkk7wHQk-unsplash-768x512.jpg 768w, https:\/\/www.ombudsman.hr\/wp-content\/uploads\/2024\/03\/kane-reinholdtsen-LETdkk7wHQk-unsplash-1536x1024.jpg 1536w, https:\/\/www.ombudsman.hr\/wp-content\/uploads\/2024\/03\/kane-reinholdtsen-LETdkk7wHQk-unsplash-2048x1365.jpg 2048w, https:\/\/www.ombudsman.hr\/wp-content\/uploads\/2024\/03\/kane-reinholdtsen-LETdkk7wHQk-unsplash-585x390.jpg 585w\" sizes=\"(max-width: 2560px) 100vw, 2560px\" \/><\/div>\n\t\t<\/a>\n\t\t\t\t<div class=\"elementor-post__text\">\n\t\t\t\t<h3 class=\"elementor-post__title\">\n\t\t\t<a href=\"https:\/\/www.ombudsman.hr\/hr\/vaznost-i-utjecaj-politickog-govora-u-predizborno-vrijeme\/\" >\n\t\t\t\tVa\u017enost i utjecaj politi\u010dkog govora u predizborno vrijeme\t\t\t<\/a>\n\t\t<\/h3>\n\t\t\t\t<div class=\"elementor-post__meta-data\">\n\t\t\t\t\t<span class=\"elementor-post-date\">\n\t\t\t22.03.2024.\t\t<\/span>\n\t\t\t\t<\/div>\n\t\t\n\t\t<a class=\"elementor-post__read-more\" href=\"https:\/\/www.ombudsman.hr\/hr\/vaznost-i-utjecaj-politickog-govora-u-predizborno-vrijeme\/\" aria-label=\"Read more about Va\u017enost i utjecaj politi\u010dkog govora u predizborno vrijeme\" tabindex=\"-1\" >\n\t\t\tVi\u0161e \u00bb\t\t<\/a>\n\n\t\t\t\t<\/div>\n\t\t\t\t<\/article>\n\t\t\t\t<article class=\"elementor-post elementor-grid-item post-21318 post type-post status-publish format-standard has-post-thumbnail hentry category-novosti tag-suzbijanje-diskriminacije tag-korisne-informacije\" role=\"listitem\">\n\t\t\t\t<a class=\"elementor-post__thumbnail__link\" href=\"https:\/\/www.ombudsman.hr\/hr\/18355-2\/\" tabindex=\"-1\" >\n\t\t\t<div class=\"elementor-post__thumbnail\"><img loading=\"lazy\" decoding=\"async\" width=\"1280\" height=\"853\" src=\"https:\/\/www.ombudsman.hr\/wp-content\/uploads\/2024\/02\/play-figures-4541727_1280.jpg\" class=\"attachment-full size-full wp-image-20884\" alt=\"\" srcset=\"https:\/\/www.ombudsman.hr\/wp-content\/uploads\/2024\/02\/play-figures-4541727_1280.jpg 1280w, https:\/\/www.ombudsman.hr\/wp-content\/uploads\/2024\/02\/play-figures-4541727_1280-300x200.jpg 300w, https:\/\/www.ombudsman.hr\/wp-content\/uploads\/2024\/02\/play-figures-4541727_1280-1024x682.jpg 1024w, https:\/\/www.ombudsman.hr\/wp-content\/uploads\/2024\/02\/play-figures-4541727_1280-768x512.jpg 768w, https:\/\/www.ombudsman.hr\/wp-content\/uploads\/2024\/02\/play-figures-4541727_1280-585x390.jpg 585w\" sizes=\"(max-width: 1280px) 100vw, 1280px\" \/><\/div>\n\t\t<\/a>\n\t\t\t\t<div class=\"elementor-post__text\">\n\t\t\t\t<h3 class=\"elementor-post__title\">\n\t\t\t<a href=\"https:\/\/www.ombudsman.hr\/hr\/18355-2\/\" >\n\t\t\t\tDan nulte tolerancije na diskriminaciju \u2013 naj\u010de\u0161\u0107i mitovi o diskriminaciji\t\t\t<\/a>\n\t\t<\/h3>\n\t\t\t\t<div class=\"elementor-post__meta-data\">\n\t\t\t\t\t<span class=\"elementor-post-date\">\n\t\t\t29.02.2024.\t\t<\/span>\n\t\t\t\t<\/div>\n\t\t\n\t\t<a class=\"elementor-post__read-more\" href=\"https:\/\/www.ombudsman.hr\/hr\/18355-2\/\" aria-label=\"Read more about Dan nulte tolerancije na diskriminaciju \u2013 naj\u010de\u0161\u0107i mitovi o diskriminaciji\" tabindex=\"-1\" >\n\t\t\tVi\u0161e \u00bb\t\t<\/a>\n\n\t\t\t\t<\/div>\n\t\t\t\t<\/article>\n\t\t\t\t<article class=\"elementor-post elementor-grid-item post-18006 post type-post status-publish format-standard has-post-thumbnail hentry category-novosti tag-zdravlje tag-javne-politike tag-javno-zdravstvo tag-korisne-informacije tag-osobe-narusenog-zdravlja tag-zdravstvena-zastita tag-zdravstvo\" role=\"listitem\">\n\t\t\t\t<a class=\"elementor-post__thumbnail__link\" href=\"https:\/\/www.ombudsman.hr\/hr\/vazne-informacije-za-gradane-koji-su-izgubili-zdravstveno-osiguranje\/\" tabindex=\"-1\" >\n\t\t\t<div class=\"elementor-post__thumbnail\"><img loading=\"lazy\" decoding=\"async\" width=\"640\" height=\"427\" src=\"https:\/\/www.ombudsman.hr\/wp-content\/uploads\/2023\/10\/Lijecnica-i-pacijent.jpg\" class=\"attachment-full size-full wp-image-18007\" alt=\"Lije\u010dnica mjeri tlak pacijentu, dr\u017ei tlakomjer na ruci\" srcset=\"https:\/\/www.ombudsman.hr\/wp-content\/uploads\/2023\/10\/Lijecnica-i-pacijent.jpg 640w, https:\/\/www.ombudsman.hr\/wp-content\/uploads\/2023\/10\/Lijecnica-i-pacijent-300x200.jpg 300w, https:\/\/www.ombudsman.hr\/wp-content\/uploads\/2023\/10\/Lijecnica-i-pacijent-585x390.jpg 585w\" sizes=\"(max-width: 640px) 100vw, 640px\" \/><\/div>\n\t\t<\/a>\n\t\t\t\t<div class=\"elementor-post__text\">\n\t\t\t\t<h3 class=\"elementor-post__title\">\n\t\t\t<a href=\"https:\/\/www.ombudsman.hr\/hr\/vazne-informacije-za-gradane-koji-su-izgubili-zdravstveno-osiguranje\/\" >\n\t\t\t\tVa\u017ene informacije za gra\u0111ane koji su izgubili zdravstveno osiguranje\t\t\t<\/a>\n\t\t<\/h3>\n\t\t\t\t<div class=\"elementor-post__meta-data\">\n\t\t\t\t\t<span class=\"elementor-post-date\">\n\t\t\t27.10.2023.\t\t<\/span>\n\t\t\t\t<\/div>\n\t\t\n\t\t<a class=\"elementor-post__read-more\" href=\"https:\/\/www.ombudsman.hr\/hr\/vazne-informacije-za-gradane-koji-su-izgubili-zdravstveno-osiguranje\/\" aria-label=\"Read more about Va\u017ene informacije za gra\u0111ane koji su izgubili zdravstveno osiguranje\" tabindex=\"-1\" >\n\t\t\tVi\u0161e \u00bb\t\t<\/a>\n\n\t\t\t\t<\/div>\n\t\t\t\t<\/article>\n\t\t\t\t<\/div>\n\t\t\t\t\t<span class=\"e-load-more-spinner\">\n\t\t\t\t<i aria-hidden=\"true\" class=\"fas fa-spinner\"><\/i>\t\t\t<\/span>\n\t\t\n\t\t\t\t<div class=\"e-load-more-anchor\" data-page=\"1\" data-max-page=\"3\" data-next-page=\"https:\/\/www.ombudsman.hr\/hr\/wp-json\/wp\/v2\/pages\/20245\/page\/2\/\"><\/div>\n\t\t\t\t<div class=\"e-load-more-message\"><\/div>\n\t\t\t\t\t\t<\/div>\n\t\t\t\t<\/div>\n\t\t\t\t\t<\/div>\n\t\t<\/div>\n\t\t\t\t\t<\/div>\n\t\t<\/section>\n\t\t\t\t<\/div>\n\t\t","protected":false},"excerpt":{"rendered":"<p>Korisne informacije<\/p>\n","protected":false},"author":1,"featured_media":0,"parent":0,"menu_order":0,"comment_status":"closed","ping_status":"closed","template":"","meta":{"footnotes":""},"tags":[],"class_list":["post-20245","page","type-page","status-publish","hentry"],"_links":{"self":[{"href":"https:\/\/www.ombudsman.hr\/hr\/wp-json\/wp\/v2\/pages\/20245","targetHints":{"allow":["GET"]}}],"collection":[{"href":"https:\/\/www.ombudsman.hr\/hr\/wp-json\/wp\/v2\/pages"}],"about":[{"href":"https:\/\/www.ombudsman.hr\/hr\/wp-json\/wp\/v2\/types\/page"}],"author":[{"embeddable":true,"href":"https:\/\/www.ombudsman.hr\/hr\/wp-json\/wp\/v2\/users\/1"}],"replies":[{"embeddable":true,"href":"https:\/\/www.ombudsman.hr\/hr\/wp-json\/wp\/v2\/comments?post=20245"}],"version-history":[{"count":13,"href":"https:\/\/www.ombudsman.hr\/hr\/wp-json\/wp\/v2\/pages\/20245\/revisions"}],"predecessor-version":[{"id":21936,"href":"https:\/\/www.ombudsman.hr\/hr\/wp-json\/wp\/v2\/pages\/20245\/revisions\/21936"}],"wp:attachment":[{"href":"https:\/\/www.ombudsman.hr\/hr\/wp-json\/wp\/v2\/media?parent=20245"}],"wp:term":[{"taxonomy":"post_tag","embeddable":true,"href":"https:\/\/www.ombudsman.hr\/hr\/wp-json\/wp\/v2\/tags?post=20245"}],"curies":[{"name":"wp","href":"https:\/\/api.w.org\/{rel}","templated":true}]}}