{"id":4386,"date":"2019-04-23T00:18:14","date_gmt":"2019-04-23T00:18:14","guid":{"rendered":"https:\/\/site2.ombudsman.hr\/en\/?page_id=4386"},"modified":"2025-09-01T13:40:10","modified_gmt":"2025-09-01T11:40:10","slug":"frequently-asked-questions","status":"publish","type":"page","link":"https:\/\/www.ombudsman.hr\/en\/frequently-asked-questions\/","title":{"rendered":"Frequently asked questions"},"content":{"rendered":"\t\t<div data-elementor-type=\"wp-page\" data-elementor-id=\"4386\" class=\"elementor elementor-4386\" data-elementor-post-type=\"page\">\n\t\t\t\t\t\t<section class=\"elementor-section elementor-top-section elementor-element elementor-element-3a53b63 elementor-section-height-min-height elementor-section-boxed elementor-section-height-default elementor-section-items-middle\" data-id=\"3a53b63\" data-element_type=\"section\" data-e-type=\"section\" data-settings=\"{&quot;background_background&quot;:&quot;classic&quot;}\">\n\t\t\t\t\t\t<div class=\"elementor-container elementor-column-gap-default\">\n\t\t\t\t\t<div class=\"elementor-column elementor-col-100 elementor-top-column elementor-element elementor-element-ae9cd5d\" data-id=\"ae9cd5d\" data-element_type=\"column\" data-e-type=\"column\">\n\t\t\t<div class=\"elementor-widget-wrap elementor-element-populated\">\n\t\t\t\t\t\t<div class=\"elementor-element elementor-element-5ea9af9 elementor-widget elementor-widget-heading\" data-id=\"5ea9af9\" data-element_type=\"widget\" data-e-type=\"widget\" data-widget_type=\"heading.default\">\n\t\t\t\t<div class=\"elementor-widget-container\">\n\t\t\t\t\t<h1 class=\"elementor-heading-title elementor-size-default\">Frequently asked questions<\/h1>\t\t\t\t<\/div>\n\t\t\t\t<\/div>\n\t\t\t\t\t<\/div>\n\t\t<\/div>\n\t\t\t\t\t<\/div>\n\t\t<\/section>\n\t\t\t\t<section class=\"elementor-section elementor-top-section elementor-element elementor-element-9f4f8dd elementor-section-boxed elementor-section-height-default elementor-section-height-default\" data-id=\"9f4f8dd\" data-element_type=\"section\" data-e-type=\"section\">\n\t\t\t\t\t\t<div class=\"elementor-container elementor-column-gap-default\">\n\t\t\t\t\t<div class=\"elementor-column elementor-col-100 elementor-top-column elementor-element elementor-element-9446615\" data-id=\"9446615\" data-element_type=\"column\" data-e-type=\"column\">\n\t\t\t<div class=\"elementor-widget-wrap elementor-element-populated\">\n\t\t\t\t\t\t<div class=\"elementor-element elementor-element-00d1361 elementor-widget elementor-widget-heading\" data-id=\"00d1361\" data-element_type=\"widget\" data-e-type=\"widget\" data-widget_type=\"heading.default\">\n\t\t\t\t<div class=\"elementor-widget-container\">\n\t\t\t\t\t<h2 class=\"elementor-heading-title elementor-size-default\">General questions<\/h2>\t\t\t\t<\/div>\n\t\t\t\t<\/div>\n\t\t\t\t<section class=\"elementor-section elementor-inner-section elementor-element elementor-element-2711776 elementor-section-boxed elementor-section-height-default elementor-section-height-default\" data-id=\"2711776\" data-element_type=\"section\" data-e-type=\"section\">\n\t\t\t\t\t\t<div class=\"elementor-container elementor-column-gap-default\">\n\t\t\t\t\t<div class=\"elementor-column elementor-col-50 elementor-inner-column elementor-element elementor-element-99f6af7\" data-id=\"99f6af7\" data-element_type=\"column\" data-e-type=\"column\">\n\t\t\t<div class=\"elementor-widget-wrap elementor-element-populated\">\n\t\t\t\t\t\t<div class=\"elementor-element elementor-element-f2a0d69 elementor-widget elementor-widget-toggle\" data-id=\"f2a0d69\" data-element_type=\"widget\" data-e-type=\"widget\" data-widget_type=\"toggle.default\">\n\t\t\t\t<div class=\"elementor-widget-container\">\n\t\t\t\t\t\t\t<div class=\"elementor-toggle\">\n\t\t\t\t\t\t\t<div class=\"elementor-toggle-item\">\n\t\t\t\t\t<div id=\"elementor-tab-title-2541\" class=\"elementor-tab-title\" data-tab=\"1\" role=\"button\" aria-controls=\"elementor-tab-content-2541\" aria-expanded=\"false\">\n\t\t\t\t\t\t\t\t\t\t\t\t<span class=\"elementor-toggle-icon elementor-toggle-icon-right\" aria-hidden=\"true\">\n\t\t\t\t\t\t\t\t\t\t\t\t\t\t\t<span class=\"elementor-toggle-icon-closed\"><i class=\"fas fa-long-arrow-alt-down\"><\/i><\/span>\n\t\t\t\t\t\t\t\t<span class=\"elementor-toggle-icon-opened\"><i class=\"elementor-toggle-icon-opened fas fa-long-arrow-alt-up\"><\/i><\/span>\n\t\t\t\t\t\t\t\t\t\t\t\t\t<\/span>\n\t\t\t\t\t\t\t\t\t\t\t\t<a class=\"elementor-toggle-title\" tabindex=\"0\">What is an Ombudsman?<\/a>\n\t\t\t\t\t<\/div>\n\n\t\t\t\t\t<div id=\"elementor-tab-content-2541\" class=\"elementor-tab-content elementor-clearfix\" data-tab=\"1\" role=\"region\" aria-labelledby=\"elementor-tab-title-2541\"><p>The Ombudsman is a commissioner of the Croatian Parliament responsible for the promotion and protection of human rights and freedoms enshrined in the Constitution of the Republic of Croatia, the laws and the international human rights instruments ratified by the Republic of Croatia.<\/p><p>The Constitution of the Republic of Croatia and the Ombudsman Act grant her\/him the autonomy and independence in her\/his work.<\/p><\/div>\n\t\t\t\t<\/div>\n\t\t\t\t\t\t\t<div class=\"elementor-toggle-item\">\n\t\t\t\t\t<div id=\"elementor-tab-title-2542\" class=\"elementor-tab-title\" data-tab=\"2\" role=\"button\" aria-controls=\"elementor-tab-content-2542\" aria-expanded=\"false\">\n\t\t\t\t\t\t\t\t\t\t\t\t<span class=\"elementor-toggle-icon elementor-toggle-icon-right\" aria-hidden=\"true\">\n\t\t\t\t\t\t\t\t\t\t\t\t\t\t\t<span class=\"elementor-toggle-icon-closed\"><i class=\"fas fa-long-arrow-alt-down\"><\/i><\/span>\n\t\t\t\t\t\t\t\t<span class=\"elementor-toggle-icon-opened\"><i class=\"elementor-toggle-icon-opened fas fa-long-arrow-alt-up\"><\/i><\/span>\n\t\t\t\t\t\t\t\t\t\t\t\t\t<\/span>\n\t\t\t\t\t\t\t\t\t\t\t\t<a class=\"elementor-toggle-title\" tabindex=\"0\">Who is the current Ombudsman and who elects him\/her?<\/a>\n\t\t\t\t\t<\/div>\n\n\t\t\t\t\t<div id=\"elementor-tab-content-2542\" class=\"elementor-tab-content elementor-clearfix\" data-tab=\"2\" role=\"region\" aria-labelledby=\"elementor-tab-title-2542\"><p>Croatian Parliament appointed Ms Tena \u0160imonovi\u0107 Einwalter as the new parliamentary commissioner for the protection and promotion of human rights and fundamental freedoms for a term of eight years on 19 March 2021.<\/p><\/div>\n\t\t\t\t<\/div>\n\t\t\t\t\t\t\t<div class=\"elementor-toggle-item\">\n\t\t\t\t\t<div id=\"elementor-tab-title-2543\" class=\"elementor-tab-title\" data-tab=\"3\" role=\"button\" aria-controls=\"elementor-tab-content-2543\" aria-expanded=\"false\">\n\t\t\t\t\t\t\t\t\t\t\t\t<span class=\"elementor-toggle-icon elementor-toggle-icon-right\" aria-hidden=\"true\">\n\t\t\t\t\t\t\t\t\t\t\t\t\t\t\t<span class=\"elementor-toggle-icon-closed\"><i class=\"fas fa-long-arrow-alt-down\"><\/i><\/span>\n\t\t\t\t\t\t\t\t<span class=\"elementor-toggle-icon-opened\"><i class=\"elementor-toggle-icon-opened fas fa-long-arrow-alt-up\"><\/i><\/span>\n\t\t\t\t\t\t\t\t\t\t\t\t\t<\/span>\n\t\t\t\t\t\t\t\t\t\t\t\t<a class=\"elementor-toggle-title\" tabindex=\"0\">What does the Ombudswoman do?<\/a>\n\t\t\t\t\t<\/div>\n\n\t\t\t\t\t<div id=\"elementor-tab-content-2543\" class=\"elementor-tab-content elementor-clearfix\" data-tab=\"3\" role=\"region\" aria-labelledby=\"elementor-tab-title-2543\"><div class=\"vc_tta-panel-body\"><div class=\"wpb_text_column wpb_content_element \"><div class=\"wpb_wrapper\"><p>The Ombudswoman promotes and protects human rights, freedoms and the rule of law. More specifically, she<\/p><p>\u2013 examines the complaints of the existence of unlawful practices and irregularities with respect to the work of the state bodies, the bodies of the local and regional self-government units and legal persons vested with public authority,<\/p><p>\u2013 within the mandate of the central equality body she examines complaints against legal and natural persons in accordance with the special law,<\/p><p>\u2013 performs the duties of the National Preventive Mechanism Against Torture and Other Cruel, Inhuman and Degrading Treatment or Punishment,<\/p><p>\u2013 acts as an external body for reporting of irregularities within the Whistleblowers\u2019 Protection Act,<\/p><p>\u2013 protects the rights of persons deprived of their liberty,<\/p><p>\u2013 monitors the state of human rights and points out to the need for their protection,<\/p><p>\u2013 monitors the alignment of laws and other regulations with the provisions of the Constitution of the Republic of Croatia and the international legal acts concerning human rights,<\/p><p>\u2013 promotes the alignment of the legislation with the international and European standards and its consistent application,<\/p><p>\u2013 submits regular annual reports to the Croatian Parliament,<\/p><p>\u2013 carries out research and analysis,<\/p><p>\u2013 develops and maintains the institutional database and relevant documentation,<\/p><p>\u2013 informs the public and the relevant stakeholders about the occurrences of violation of human rights and fundamental freedoms as well as on the established infringements of the constitutional and legal rights,<\/p><p>\u2013 \u00a0promotes and maintains the cooperation with the civil society, the international organizations and scientific and research institutions.<\/p><\/div><\/div><\/div><\/div>\n\t\t\t\t<\/div>\n\t\t\t\t\t\t\t<div class=\"elementor-toggle-item\">\n\t\t\t\t\t<div id=\"elementor-tab-title-2544\" class=\"elementor-tab-title\" data-tab=\"4\" role=\"button\" aria-controls=\"elementor-tab-content-2544\" aria-expanded=\"false\">\n\t\t\t\t\t\t\t\t\t\t\t\t<span class=\"elementor-toggle-icon elementor-toggle-icon-right\" aria-hidden=\"true\">\n\t\t\t\t\t\t\t\t\t\t\t\t\t\t\t<span class=\"elementor-toggle-icon-closed\"><i class=\"fas fa-long-arrow-alt-down\"><\/i><\/span>\n\t\t\t\t\t\t\t\t<span class=\"elementor-toggle-icon-opened\"><i class=\"elementor-toggle-icon-opened fas fa-long-arrow-alt-up\"><\/i><\/span>\n\t\t\t\t\t\t\t\t\t\t\t\t\t<\/span>\n\t\t\t\t\t\t\t\t\t\t\t\t<a class=\"elementor-toggle-title\" tabindex=\"0\">Where is the Office of the Ombudswoman located?<\/a>\n\t\t\t\t\t<\/div>\n\n\t\t\t\t\t<div id=\"elementor-tab-content-2544\" class=\"elementor-tab-content elementor-clearfix\" data-tab=\"4\" role=\"region\" aria-labelledby=\"elementor-tab-title-2544\"><div class=\"vc_tta-panel-body\"><div class=\"wpb_text_column wpb_content_element \"><div class=\"wpb_wrapper\"><p>The central Office is located at the following address:<\/p><p>Savska cesta 41\/3<br \/>10000 Zagreb<\/p><p>Phone: + 385 1 4851 853, 4851 275<br \/>Fax: + 385 1 6431 628<\/p><p>The addresses of the regional offices are:<\/p><p>Rijeka<\/p><p>Korzo 2a\/I<\/p><table border=\"0\" cellspacing=\"0\" cellpadding=\"0\"><tbody><tr><td valign=\"top\">Tel:<\/td><td valign=\"top\">+385 51 563 786<\/td><\/tr><tr><td valign=\"top\">Fax:<\/td><td valign=\"top\">+385 51 689 737<\/td><\/tr><\/tbody><\/table><p>Osijek<\/p><p>Hrvatske Republike 19 (first floor)<\/p><table border=\"0\" cellspacing=\"0\" cellpadding=\"0\"><tbody><tr><td valign=\"top\">Tel:<\/td><td valign=\"top\">+385 31 628 054<\/td><\/tr><tr><td valign=\"top\">Fax:<\/td><td valign=\"top\">+385 31 628 052<\/td><\/tr><\/tbody><\/table><p>Split<\/p><p>Ma\u017eurani\u0107evo \u0161etali\u0161te 8a<\/p><p>(entrance from Tolstojeva street)<\/p><table border=\"0\" cellspacing=\"0\" cellpadding=\"0\"><tbody><tr><td valign=\"top\">Tel:<\/td><td valign=\"top\">+385 21 682 981<\/td><\/tr><tr><td valign=\"top\">Fax:<\/td><td valign=\"top\">+385 21 682 983<\/td><\/tr><\/tbody><\/table><p>Besides the Ombudswoman and four of her deputies the Office employs the expert staff (advisers for various legal areas) as well as the administrative personnel.<\/p><\/div><\/div><\/div><\/div>\n\t\t\t\t<\/div>\n\t\t\t\t\t\t\t<div class=\"elementor-toggle-item\">\n\t\t\t\t\t<div id=\"elementor-tab-title-2545\" class=\"elementor-tab-title\" data-tab=\"5\" role=\"button\" aria-controls=\"elementor-tab-content-2545\" aria-expanded=\"false\">\n\t\t\t\t\t\t\t\t\t\t\t\t<span class=\"elementor-toggle-icon elementor-toggle-icon-right\" aria-hidden=\"true\">\n\t\t\t\t\t\t\t\t\t\t\t\t\t\t\t<span class=\"elementor-toggle-icon-closed\"><i class=\"fas fa-long-arrow-alt-down\"><\/i><\/span>\n\t\t\t\t\t\t\t\t<span class=\"elementor-toggle-icon-opened\"><i class=\"elementor-toggle-icon-opened fas fa-long-arrow-alt-up\"><\/i><\/span>\n\t\t\t\t\t\t\t\t\t\t\t\t\t<\/span>\n\t\t\t\t\t\t\t\t\t\t\t\t<a class=\"elementor-toggle-title\" tabindex=\"0\">Who can turn to the Ombudswoman and in which cases?<\/a>\n\t\t\t\t\t<\/div>\n\n\t\t\t\t\t<div id=\"elementor-tab-content-2545\" class=\"elementor-tab-content elementor-clearfix\" data-tab=\"5\" role=\"region\" aria-labelledby=\"elementor-tab-title-2545\"><div class=\"vc_tta-panel-body\"><div class=\"wpb_text_column wpb_content_element \"><div class=\"wpb_wrapper\"><p>Any individual who believes that the state bodies, the bodies of the local and regional self-government units or legal persons vested with public authority have jeopardized or violated, through their illegal or irregular work, their constitutional or statutory rights and freedoms and anyone who suspects that they have been discriminated against may lodge a complaint with the Ombudswoman.<\/p><\/div><\/div><\/div><\/div>\n\t\t\t\t<\/div>\n\t\t\t\t\t\t\t<div class=\"elementor-toggle-item\">\n\t\t\t\t\t<div id=\"elementor-tab-title-2546\" class=\"elementor-tab-title\" data-tab=\"6\" role=\"button\" aria-controls=\"elementor-tab-content-2546\" aria-expanded=\"false\">\n\t\t\t\t\t\t\t\t\t\t\t\t<span class=\"elementor-toggle-icon elementor-toggle-icon-right\" aria-hidden=\"true\">\n\t\t\t\t\t\t\t\t\t\t\t\t\t\t\t<span class=\"elementor-toggle-icon-closed\"><i class=\"fas fa-long-arrow-alt-down\"><\/i><\/span>\n\t\t\t\t\t\t\t\t<span class=\"elementor-toggle-icon-opened\"><i class=\"elementor-toggle-icon-opened fas fa-long-arrow-alt-up\"><\/i><\/span>\n\t\t\t\t\t\t\t\t\t\t\t\t\t<\/span>\n\t\t\t\t\t\t\t\t\t\t\t\t<a class=\"elementor-toggle-title\" tabindex=\"0\">Why address the Ombudswoman?<\/a>\n\t\t\t\t\t<\/div>\n\n\t\t\t\t\t<div id=\"elementor-tab-content-2546\" class=\"elementor-tab-content elementor-clearfix\" data-tab=\"6\" role=\"region\" aria-labelledby=\"elementor-tab-title-2546\"><div class=\"vc_tta-panel-body\"><div class=\"wpb_text_column wpb_content_element \"><div class=\"wpb_wrapper\"><p>By lodging a complaint with the Ombudswoman you simultaneously claim a rights violation, seek protection of rights or protection against discrimination and point to the illegal or irregular work of the state bodies. The Ombudswoman has the authority to initiate an investigation on these issues or to report about them to the Croatian Parliament and the international institutions.<\/p><\/div><\/div><\/div><\/div>\n\t\t\t\t<\/div>\n\t\t\t\t\t\t\t<div class=\"elementor-toggle-item\">\n\t\t\t\t\t<div id=\"elementor-tab-title-2547\" class=\"elementor-tab-title\" data-tab=\"7\" role=\"button\" aria-controls=\"elementor-tab-content-2547\" aria-expanded=\"false\">\n\t\t\t\t\t\t\t\t\t\t\t\t<span class=\"elementor-toggle-icon elementor-toggle-icon-right\" aria-hidden=\"true\">\n\t\t\t\t\t\t\t\t\t\t\t\t\t\t\t<span class=\"elementor-toggle-icon-closed\"><i class=\"fas fa-long-arrow-alt-down\"><\/i><\/span>\n\t\t\t\t\t\t\t\t<span class=\"elementor-toggle-icon-opened\"><i class=\"elementor-toggle-icon-opened fas fa-long-arrow-alt-up\"><\/i><\/span>\n\t\t\t\t\t\t\t\t\t\t\t\t\t<\/span>\n\t\t\t\t\t\t\t\t\t\t\t\t<a class=\"elementor-toggle-title\" tabindex=\"0\">How to address the Ombudswoman?<\/a>\n\t\t\t\t\t<\/div>\n\n\t\t\t\t\t<div id=\"elementor-tab-content-2547\" class=\"elementor-tab-content elementor-clearfix\" data-tab=\"7\" role=\"region\" aria-labelledby=\"elementor-tab-title-2547\"><div class=\"vc_tta-panel-body\"><div class=\"wpb_text_column wpb_content_element \"><div class=\"wpb_wrapper\"><p><span lang=\"EN\">You can submit your complaint by post (Savska cesta 41\/3, 10 000 Zagreb),<br \/>by e-mail at info@ombudsman.hr or in person (by appointment only) at the office<br \/>in Zagreb, Rijeka, Osijek or Split.<\/span><\/p><p><span lang=\"EN\">You can ask for an appointment for a personal visit at info@ombudsman.hr or<br \/>01 4851 855 (Zagreb), 051 563 786 (Rijeka), 031 628 054 (Osijek) or 021 682 981<br \/>(Split).<\/span><\/p><\/div><\/div><\/div><\/div>\n\t\t\t\t<\/div>\n\t\t\t\t\t\t\t<div class=\"elementor-toggle-item\">\n\t\t\t\t\t<div id=\"elementor-tab-title-2548\" class=\"elementor-tab-title\" data-tab=\"8\" role=\"button\" aria-controls=\"elementor-tab-content-2548\" aria-expanded=\"false\">\n\t\t\t\t\t\t\t\t\t\t\t\t<span class=\"elementor-toggle-icon elementor-toggle-icon-right\" aria-hidden=\"true\">\n\t\t\t\t\t\t\t\t\t\t\t\t\t\t\t<span class=\"elementor-toggle-icon-closed\"><i class=\"fas fa-long-arrow-alt-down\"><\/i><\/span>\n\t\t\t\t\t\t\t\t<span class=\"elementor-toggle-icon-opened\"><i class=\"elementor-toggle-icon-opened fas fa-long-arrow-alt-up\"><\/i><\/span>\n\t\t\t\t\t\t\t\t\t\t\t\t\t<\/span>\n\t\t\t\t\t\t\t\t\t\t\t\t<a class=\"elementor-toggle-title\" tabindex=\"0\">What must a complaint contain?<\/a>\n\t\t\t\t\t<\/div>\n\n\t\t\t\t\t<div id=\"elementor-tab-content-2548\" class=\"elementor-tab-content elementor-clearfix\" data-tab=\"8\" role=\"region\" aria-labelledby=\"elementor-tab-title-2548\"><div class=\"vc_tta-panel-body\"><div class=\"wpb_text_column wpb_content_element \"><div class=\"wpb_wrapper\"><p>A complaint must contain:<\/p><p>\u2013 your name, family name and address,<\/p><p>\u2013 the name of the body you are complaining against,<\/p><p>\u2013 the reference number assigned to your case by the body you are complaining against,<\/p><p>\u2013 the copies of the documents related to the proceedings and other relevant documents,<\/p><p>\u2013 the description of the problem: specify what rights you believe were violated, whether any legal remedies were used, and if yes, when they were filed.<\/p><\/div><\/div><\/div><\/div>\n\t\t\t\t<\/div>\n\t\t\t\t\t\t\t<div class=\"elementor-toggle-item\">\n\t\t\t\t\t<div id=\"elementor-tab-title-2549\" class=\"elementor-tab-title\" data-tab=\"9\" role=\"button\" aria-controls=\"elementor-tab-content-2549\" aria-expanded=\"false\">\n\t\t\t\t\t\t\t\t\t\t\t\t<span class=\"elementor-toggle-icon elementor-toggle-icon-right\" aria-hidden=\"true\">\n\t\t\t\t\t\t\t\t\t\t\t\t\t\t\t<span class=\"elementor-toggle-icon-closed\"><i class=\"fas fa-long-arrow-alt-down\"><\/i><\/span>\n\t\t\t\t\t\t\t\t<span class=\"elementor-toggle-icon-opened\"><i class=\"elementor-toggle-icon-opened fas fa-long-arrow-alt-up\"><\/i><\/span>\n\t\t\t\t\t\t\t\t\t\t\t\t\t<\/span>\n\t\t\t\t\t\t\t\t\t\t\t\t<a class=\"elementor-toggle-title\" tabindex=\"0\">How can I submit a complaint in writing?<\/a>\n\t\t\t\t\t<\/div>\n\n\t\t\t\t\t<div id=\"elementor-tab-content-2549\" class=\"elementor-tab-content elementor-clearfix\" data-tab=\"9\" role=\"region\" aria-labelledby=\"elementor-tab-title-2549\"><div class=\"vc_tta-panel-body\"><div class=\"wpb_text_column wpb_content_element \"><div class=\"wpb_wrapper\"><p>\u2013 send your complaint via regular mail to the following address: Pu\u010dki pravobranitelj, Savska cesta 41\/3, 10 000 Zagreb<\/p><p>\u2013 send your complaint via e-mail to: info@ombudsman.hr<\/p><\/div><\/div><\/div><\/div>\n\t\t\t\t<\/div>\n\t\t\t\t\t\t\t<div class=\"elementor-toggle-item\">\n\t\t\t\t\t<div id=\"elementor-tab-title-25410\" class=\"elementor-tab-title\" data-tab=\"10\" role=\"button\" aria-controls=\"elementor-tab-content-25410\" aria-expanded=\"false\">\n\t\t\t\t\t\t\t\t\t\t\t\t<span class=\"elementor-toggle-icon elementor-toggle-icon-right\" aria-hidden=\"true\">\n\t\t\t\t\t\t\t\t\t\t\t\t\t\t\t<span class=\"elementor-toggle-icon-closed\"><i class=\"fas fa-long-arrow-alt-down\"><\/i><\/span>\n\t\t\t\t\t\t\t\t<span class=\"elementor-toggle-icon-opened\"><i class=\"elementor-toggle-icon-opened fas fa-long-arrow-alt-up\"><\/i><\/span>\n\t\t\t\t\t\t\t\t\t\t\t\t\t<\/span>\n\t\t\t\t\t\t\t\t\t\t\t\t<a class=\"elementor-toggle-title\" tabindex=\"0\">How can I make an appointment at the Office?<\/a>\n\t\t\t\t\t<\/div>\n\n\t\t\t\t\t<div id=\"elementor-tab-content-25410\" class=\"elementor-tab-content elementor-clearfix\" data-tab=\"10\" role=\"region\" aria-labelledby=\"elementor-tab-title-25410\"><div class=\"vc_tta-panel-body\"><div class=\"wpb_text_column wpb_content_element \"><div class=\"wpb_wrapper\"><p>You can ask for an appointment for a personal visit at info@ombudsman.hr or<br \/>01 4851 855 (Zagreb), 051 563 786 (Rijeka), 031 628 054 (Osijek) or 021 682 981<br \/>(Split).<\/p><\/div><\/div><\/div><\/div>\n\t\t\t\t<\/div>\n\t\t\t\t\t\t\t<div class=\"elementor-toggle-item\">\n\t\t\t\t\t<div id=\"elementor-tab-title-25411\" class=\"elementor-tab-title\" data-tab=\"11\" role=\"button\" aria-controls=\"elementor-tab-content-25411\" aria-expanded=\"false\">\n\t\t\t\t\t\t\t\t\t\t\t\t<span class=\"elementor-toggle-icon elementor-toggle-icon-right\" aria-hidden=\"true\">\n\t\t\t\t\t\t\t\t\t\t\t\t\t\t\t<span class=\"elementor-toggle-icon-closed\"><i class=\"fas fa-long-arrow-alt-down\"><\/i><\/span>\n\t\t\t\t\t\t\t\t<span class=\"elementor-toggle-icon-opened\"><i class=\"elementor-toggle-icon-opened fas fa-long-arrow-alt-up\"><\/i><\/span>\n\t\t\t\t\t\t\t\t\t\t\t\t\t<\/span>\n\t\t\t\t\t\t\t\t\t\t\t\t<a class=\"elementor-toggle-title\" tabindex=\"0\">Who receives clients at the Ombudswoman\u2019s Office?<\/a>\n\t\t\t\t\t<\/div>\n\n\t\t\t\t\t<div id=\"elementor-tab-content-25411\" class=\"elementor-tab-content elementor-clearfix\" data-tab=\"11\" role=\"region\" aria-labelledby=\"elementor-tab-title-25411\"><div class=\"vc_tta-panel-body\"><div class=\"wpb_text_column wpb_content_element \"><div class=\"wpb_wrapper\"><p>A citizen can be received either by an adviser to the Ombudswoman in charge with a specific legal area and\/or an adviser on duty or by the Deputy Ombudswoman\/Deputy Ombudsman or the Ombudswoman.<\/p><\/div><\/div><\/div><\/div>\n\t\t\t\t<\/div>\n\t\t\t\t\t\t\t<div class=\"elementor-toggle-item\">\n\t\t\t\t\t<div id=\"elementor-tab-title-25412\" class=\"elementor-tab-title\" data-tab=\"12\" role=\"button\" aria-controls=\"elementor-tab-content-25412\" aria-expanded=\"false\">\n\t\t\t\t\t\t\t\t\t\t\t\t<span class=\"elementor-toggle-icon elementor-toggle-icon-right\" aria-hidden=\"true\">\n\t\t\t\t\t\t\t\t\t\t\t\t\t\t\t<span class=\"elementor-toggle-icon-closed\"><i class=\"fas fa-long-arrow-alt-down\"><\/i><\/span>\n\t\t\t\t\t\t\t\t<span class=\"elementor-toggle-icon-opened\"><i class=\"elementor-toggle-icon-opened fas fa-long-arrow-alt-up\"><\/i><\/span>\n\t\t\t\t\t\t\t\t\t\t\t\t\t<\/span>\n\t\t\t\t\t\t\t\t\t\t\t\t<a class=\"elementor-toggle-title\" tabindex=\"0\">What are Ombudswoman\u2019s authorities while proceeding upon complaints?<\/a>\n\t\t\t\t\t<\/div>\n\n\t\t\t\t\t<div id=\"elementor-tab-content-25412\" class=\"elementor-tab-content elementor-clearfix\" data-tab=\"12\" role=\"region\" aria-labelledby=\"elementor-tab-title-25412\"><div class=\"vc_tta-panel-body\"><div class=\"wpb_text_column wpb_content_element \"><div class=\"wpb_wrapper\"><p>The Ombudswoman can issue recommendations, opinions, proposals and warnings to the bodies referred to in the complainant. These bodies are obliged to inform the Ombudswoman on the measures undertaken.<\/p><\/div><\/div><\/div><\/div>\n\t\t\t\t<\/div>\n\t\t\t\t\t\t\t\t<\/div>\n\t\t\t\t\t\t<\/div>\n\t\t\t\t<\/div>\n\t\t\t\t\t<\/div>\n\t\t<\/div>\n\t\t\t\t<div class=\"elementor-column elementor-col-50 elementor-inner-column elementor-element elementor-element-4f74a64\" data-id=\"4f74a64\" data-element_type=\"column\" data-e-type=\"column\">\n\t\t\t<div class=\"elementor-widget-wrap elementor-element-populated\">\n\t\t\t\t\t\t<div class=\"elementor-element elementor-element-1b450b4 elementor-widget elementor-widget-toggle\" data-id=\"1b450b4\" data-element_type=\"widget\" data-e-type=\"widget\" data-widget_type=\"toggle.default\">\n\t\t\t\t<div class=\"elementor-widget-container\">\n\t\t\t\t\t\t\t<div class=\"elementor-toggle\">\n\t\t\t\t\t\t\t<div class=\"elementor-toggle-item\">\n\t\t\t\t\t<div id=\"elementor-tab-title-2851\" class=\"elementor-tab-title\" data-tab=\"1\" role=\"button\" aria-controls=\"elementor-tab-content-2851\" aria-expanded=\"false\">\n\t\t\t\t\t\t\t\t\t\t\t\t<span class=\"elementor-toggle-icon elementor-toggle-icon-right\" aria-hidden=\"true\">\n\t\t\t\t\t\t\t\t\t\t\t\t\t\t\t<span class=\"elementor-toggle-icon-closed\"><i class=\"fas fa-long-arrow-alt-down\"><\/i><\/span>\n\t\t\t\t\t\t\t\t<span class=\"elementor-toggle-icon-opened\"><i class=\"elementor-toggle-icon-opened fas fa-long-arrow-alt-up\"><\/i><\/span>\n\t\t\t\t\t\t\t\t\t\t\t\t\t<\/span>\n\t\t\t\t\t\t\t\t\t\t\t\t<a class=\"elementor-toggle-title\" tabindex=\"0\">When will the Ombudswoman not proceed upon a complaint?<\/a>\n\t\t\t\t\t<\/div>\n\n\t\t\t\t\t<div id=\"elementor-tab-content-2851\" class=\"elementor-tab-content elementor-clearfix\" data-tab=\"1\" role=\"region\" aria-labelledby=\"elementor-tab-title-2851\"><p>The Ombudswoman freely decides whether she will consider a complaint and to which extent. She may decide not to take action with respect to a complaint in the following cases:<\/p><p>\u2013 when judicial proceedings are ongoing, except if it is apparent that the proceedings in question are being unnecessarily delayed or that powers are being manifestly abused, in which cases she can request an explanation from the president of the competent court;<\/p><p>\u2013 if the complaint pertains to the issues that are the subject of ongoing proceedings, except when the proceedings are being unjustifiably delayed or in cases of the manifest abuse of power;<\/p><p>\u2013 \u00a0if the deadline for an appeal is still open or legal remedies under special laws are available;<\/p><p>\u2013 if a complainant failed to lodge an appeal within the legally prescribed deadline or failed to use legal remedies under the special laws;<\/p><p>\u2013 if three years have elapsed since the occurrence of an irregularity or the adoption of a decision by the body complained against, except in the cases where the Ombudswoman deems that the issue in question is of significant importance for the protection of human rights and freedoms.<\/p><\/div>\n\t\t\t\t<\/div>\n\t\t\t\t\t\t\t<div class=\"elementor-toggle-item\">\n\t\t\t\t\t<div id=\"elementor-tab-title-2852\" class=\"elementor-tab-title\" data-tab=\"2\" role=\"button\" aria-controls=\"elementor-tab-content-2852\" aria-expanded=\"false\">\n\t\t\t\t\t\t\t\t\t\t\t\t<span class=\"elementor-toggle-icon elementor-toggle-icon-right\" aria-hidden=\"true\">\n\t\t\t\t\t\t\t\t\t\t\t\t\t\t\t<span class=\"elementor-toggle-icon-closed\"><i class=\"fas fa-long-arrow-alt-down\"><\/i><\/span>\n\t\t\t\t\t\t\t\t<span class=\"elementor-toggle-icon-opened\"><i class=\"elementor-toggle-icon-opened fas fa-long-arrow-alt-up\"><\/i><\/span>\n\t\t\t\t\t\t\t\t\t\t\t\t\t<\/span>\n\t\t\t\t\t\t\t\t\t\t\t\t<a class=\"elementor-toggle-title\" tabindex=\"0\">Can a person write a complaint by himself\/herself or help of a lawyer is needed?<\/a>\n\t\t\t\t\t<\/div>\n\n\t\t\t\t\t<div id=\"elementor-tab-content-2852\" class=\"elementor-tab-content elementor-clearfix\" data-tab=\"2\" role=\"region\" aria-labelledby=\"elementor-tab-title-2852\"><div class=\"vc_tta-panel-body\"><div class=\"wpb_text_column wpb_content_element \"><div class=\"wpb_wrapper\"><p>Anyone can write a complaint, there is no need for lawyer\u2019s assistance.<\/p><\/div><\/div><\/div><\/div>\n\t\t\t\t<\/div>\n\t\t\t\t\t\t\t<div class=\"elementor-toggle-item\">\n\t\t\t\t\t<div id=\"elementor-tab-title-2853\" class=\"elementor-tab-title\" data-tab=\"3\" role=\"button\" aria-controls=\"elementor-tab-content-2853\" aria-expanded=\"false\">\n\t\t\t\t\t\t\t\t\t\t\t\t<span class=\"elementor-toggle-icon elementor-toggle-icon-right\" aria-hidden=\"true\">\n\t\t\t\t\t\t\t\t\t\t\t\t\t\t\t<span class=\"elementor-toggle-icon-closed\"><i class=\"fas fa-long-arrow-alt-down\"><\/i><\/span>\n\t\t\t\t\t\t\t\t<span class=\"elementor-toggle-icon-opened\"><i class=\"elementor-toggle-icon-opened fas fa-long-arrow-alt-up\"><\/i><\/span>\n\t\t\t\t\t\t\t\t\t\t\t\t\t<\/span>\n\t\t\t\t\t\t\t\t\t\t\t\t<a class=\"elementor-toggle-title\" tabindex=\"0\">Is there any fee for lodging a complaint with the Ombudswoman?<\/a>\n\t\t\t\t\t<\/div>\n\n\t\t\t\t\t<div id=\"elementor-tab-content-2853\" class=\"elementor-tab-content elementor-clearfix\" data-tab=\"3\" role=\"region\" aria-labelledby=\"elementor-tab-title-2853\"><div class=\"vc_tta-panel-body\"><div class=\"wpb_text_column wpb_content_element \"><div class=\"wpb_wrapper\"><p>No.<\/p><\/div><\/div><\/div><\/div>\n\t\t\t\t<\/div>\n\t\t\t\t\t\t\t<div class=\"elementor-toggle-item\">\n\t\t\t\t\t<div id=\"elementor-tab-title-2854\" class=\"elementor-tab-title\" data-tab=\"4\" role=\"button\" aria-controls=\"elementor-tab-content-2854\" aria-expanded=\"false\">\n\t\t\t\t\t\t\t\t\t\t\t\t<span class=\"elementor-toggle-icon elementor-toggle-icon-right\" aria-hidden=\"true\">\n\t\t\t\t\t\t\t\t\t\t\t\t\t\t\t<span class=\"elementor-toggle-icon-closed\"><i class=\"fas fa-long-arrow-alt-down\"><\/i><\/span>\n\t\t\t\t\t\t\t\t<span class=\"elementor-toggle-icon-opened\"><i class=\"elementor-toggle-icon-opened fas fa-long-arrow-alt-up\"><\/i><\/span>\n\t\t\t\t\t\t\t\t\t\t\t\t\t<\/span>\n\t\t\t\t\t\t\t\t\t\t\t\t<a class=\"elementor-toggle-title\" tabindex=\"0\">May a complaint be submitted in handwriting?<\/a>\n\t\t\t\t\t<\/div>\n\n\t\t\t\t\t<div id=\"elementor-tab-content-2854\" class=\"elementor-tab-content elementor-clearfix\" data-tab=\"4\" role=\"region\" aria-labelledby=\"elementor-tab-title-2854\"><div class=\"vc_tta-panel-body\"><div class=\"wpb_text_column wpb_content_element \"><div class=\"wpb_wrapper\"><p>Yes.<\/p><\/div><\/div><\/div><\/div>\n\t\t\t\t<\/div>\n\t\t\t\t\t\t\t<div class=\"elementor-toggle-item\">\n\t\t\t\t\t<div id=\"elementor-tab-title-2855\" class=\"elementor-tab-title\" data-tab=\"5\" role=\"button\" aria-controls=\"elementor-tab-content-2855\" aria-expanded=\"false\">\n\t\t\t\t\t\t\t\t\t\t\t\t<span class=\"elementor-toggle-icon elementor-toggle-icon-right\" aria-hidden=\"true\">\n\t\t\t\t\t\t\t\t\t\t\t\t\t\t\t<span class=\"elementor-toggle-icon-closed\"><i class=\"fas fa-long-arrow-alt-down\"><\/i><\/span>\n\t\t\t\t\t\t\t\t<span class=\"elementor-toggle-icon-opened\"><i class=\"elementor-toggle-icon-opened fas fa-long-arrow-alt-up\"><\/i><\/span>\n\t\t\t\t\t\t\t\t\t\t\t\t\t<\/span>\n\t\t\t\t\t\t\t\t\t\t\t\t<a class=\"elementor-toggle-title\" tabindex=\"0\">What is the acceptable time lapse from the moment a human rights violation has occurred in order for the Ombudswoman to be able to initiate proceedings?<\/a>\n\t\t\t\t\t<\/div>\n\n\t\t\t\t\t<div id=\"elementor-tab-content-2855\" class=\"elementor-tab-content elementor-clearfix\" data-tab=\"5\" role=\"region\" aria-labelledby=\"elementor-tab-title-2855\"><div class=\"vc_tta-panel-body\"><div class=\"wpb_text_column wpb_content_element \"><div class=\"wpb_wrapper\"><p>In order for the Ombudswoman to be able to initiate proceedings, the time period between the occurrence of an irregularity or the adoption of a decision by the bodies complained against and the lodging of a complaint cannot exceed three years. Exceptions to this rule are the cases in which the Ombudswoman deems that the issues in question are of significant importance for human rights and freedoms. Discrimination complaints will be considered only if discrimination occurred after 1 January 2009, when the Anti-discrimination Act entered into force.<\/p><\/div><\/div><\/div><\/div>\n\t\t\t\t<\/div>\n\t\t\t\t\t\t\t<div class=\"elementor-toggle-item\">\n\t\t\t\t\t<div id=\"elementor-tab-title-2856\" class=\"elementor-tab-title\" data-tab=\"6\" role=\"button\" aria-controls=\"elementor-tab-content-2856\" aria-expanded=\"false\">\n\t\t\t\t\t\t\t\t\t\t\t\t<span class=\"elementor-toggle-icon elementor-toggle-icon-right\" aria-hidden=\"true\">\n\t\t\t\t\t\t\t\t\t\t\t\t\t\t\t<span class=\"elementor-toggle-icon-closed\"><i class=\"fas fa-long-arrow-alt-down\"><\/i><\/span>\n\t\t\t\t\t\t\t\t<span class=\"elementor-toggle-icon-opened\"><i class=\"elementor-toggle-icon-opened fas fa-long-arrow-alt-up\"><\/i><\/span>\n\t\t\t\t\t\t\t\t\t\t\t\t\t<\/span>\n\t\t\t\t\t\t\t\t\t\t\t\t<a class=\"elementor-toggle-title\" tabindex=\"0\">Does a complaint have to refer to the state and public administration?<\/a>\n\t\t\t\t\t<\/div>\n\n\t\t\t\t\t<div id=\"elementor-tab-content-2856\" class=\"elementor-tab-content elementor-clearfix\" data-tab=\"6\" role=\"region\" aria-labelledby=\"elementor-tab-title-2856\"><div class=\"vc_tta-panel-body\"><div class=\"wpb_text_column wpb_content_element \"><div class=\"wpb_wrapper\"><p>Yes, with two exceptions. In cases of discrimination one may lodge a complaint against legal or natural persons (e.g. enterprises, individuals) and in cases of unnecessarily delayed court proceedings or manifest abuse of powers in the course of the court proceedings the Ombudswoman may request an explanation from the president of the competent court.<\/p><\/div><\/div><\/div><\/div>\n\t\t\t\t<\/div>\n\t\t\t\t\t\t\t<div class=\"elementor-toggle-item\">\n\t\t\t\t\t<div id=\"elementor-tab-title-2857\" class=\"elementor-tab-title\" data-tab=\"7\" role=\"button\" aria-controls=\"elementor-tab-content-2857\" aria-expanded=\"false\">\n\t\t\t\t\t\t\t\t\t\t\t\t<span class=\"elementor-toggle-icon elementor-toggle-icon-right\" aria-hidden=\"true\">\n\t\t\t\t\t\t\t\t\t\t\t\t\t\t\t<span class=\"elementor-toggle-icon-closed\"><i class=\"fas fa-long-arrow-alt-down\"><\/i><\/span>\n\t\t\t\t\t\t\t\t<span class=\"elementor-toggle-icon-opened\"><i class=\"elementor-toggle-icon-opened fas fa-long-arrow-alt-up\"><\/i><\/span>\n\t\t\t\t\t\t\t\t\t\t\t\t\t<\/span>\n\t\t\t\t\t\t\t\t\t\t\t\t<a class=\"elementor-toggle-title\" tabindex=\"0\">What is the deadline for acting upon a complaint?<\/a>\n\t\t\t\t\t<\/div>\n\n\t\t\t\t\t<div id=\"elementor-tab-content-2857\" class=\"elementor-tab-content elementor-clearfix\" data-tab=\"7\" role=\"region\" aria-labelledby=\"elementor-tab-title-2857\"><div class=\"vc_tta-panel-body\"><div class=\"wpb_text_column wpb_content_element \"><div class=\"wpb_wrapper\"><p>Since during the investigation of a complaint in the majority of the cases the Ombudswoman requests answers and information from the relevant bodies, institutions or persons, the deadline for her reply to the complainant depends on the delivery of the relevant information from these bodies and individuals. However, the complainant may expect first information from the Ombudswoman on the steps undertaken regarding the investigation of a complaint within 30 days.<\/p><\/div><\/div><\/div><\/div>\n\t\t\t\t<\/div>\n\t\t\t\t\t\t\t<div class=\"elementor-toggle-item\">\n\t\t\t\t\t<div id=\"elementor-tab-title-2858\" class=\"elementor-tab-title\" data-tab=\"8\" role=\"button\" aria-controls=\"elementor-tab-content-2858\" aria-expanded=\"false\">\n\t\t\t\t\t\t\t\t\t\t\t\t<span class=\"elementor-toggle-icon elementor-toggle-icon-right\" aria-hidden=\"true\">\n\t\t\t\t\t\t\t\t\t\t\t\t\t\t\t<span class=\"elementor-toggle-icon-closed\"><i class=\"fas fa-long-arrow-alt-down\"><\/i><\/span>\n\t\t\t\t\t\t\t\t<span class=\"elementor-toggle-icon-opened\"><i class=\"elementor-toggle-icon-opened fas fa-long-arrow-alt-up\"><\/i><\/span>\n\t\t\t\t\t\t\t\t\t\t\t\t\t<\/span>\n\t\t\t\t\t\t\t\t\t\t\t\t<a class=\"elementor-toggle-title\" tabindex=\"0\">Which additional documents should be enclosed to a complaint?<\/a>\n\t\t\t\t\t<\/div>\n\n\t\t\t\t\t<div id=\"elementor-tab-content-2858\" class=\"elementor-tab-content elementor-clearfix\" data-tab=\"8\" role=\"region\" aria-labelledby=\"elementor-tab-title-2858\"><div class=\"vc_tta-panel-body\"><div class=\"wpb_text_column wpb_content_element \"><div class=\"wpb_wrapper\"><p>Along with a complaint it is obligatory to enclose all available documents which can support your claims as well as the copies of the acts adopted in the previous proceedings which may be relevant for the case.<\/p><\/div><\/div><\/div><\/div>\n\t\t\t\t<\/div>\n\t\t\t\t\t\t\t<div class=\"elementor-toggle-item\">\n\t\t\t\t\t<div id=\"elementor-tab-title-2859\" class=\"elementor-tab-title\" data-tab=\"9\" role=\"button\" aria-controls=\"elementor-tab-content-2859\" aria-expanded=\"false\">\n\t\t\t\t\t\t\t\t\t\t\t\t<span class=\"elementor-toggle-icon elementor-toggle-icon-right\" aria-hidden=\"true\">\n\t\t\t\t\t\t\t\t\t\t\t\t\t\t\t<span class=\"elementor-toggle-icon-closed\"><i class=\"fas fa-long-arrow-alt-down\"><\/i><\/span>\n\t\t\t\t\t\t\t\t<span class=\"elementor-toggle-icon-opened\"><i class=\"elementor-toggle-icon-opened fas fa-long-arrow-alt-up\"><\/i><\/span>\n\t\t\t\t\t\t\t\t\t\t\t\t\t<\/span>\n\t\t\t\t\t\t\t\t\t\t\t\t<a class=\"elementor-toggle-title\" tabindex=\"0\">Does the Ombudswoman provide free legal aid?<\/a>\n\t\t\t\t\t<\/div>\n\n\t\t\t\t\t<div id=\"elementor-tab-content-2859\" class=\"elementor-tab-content elementor-clearfix\" data-tab=\"9\" role=\"region\" aria-labelledby=\"elementor-tab-title-2859\"><div class=\"vc_tta-panel-body\"><div class=\"wpb_text_column wpb_content_element \"><div class=\"wpb_wrapper\"><p>No. According to the Act on Free Legal Aid, lawyers, authorized NGOs, trade unions, legal clinics and state administration offices at the county level are the providers of free legal aid. The Act stipulates that each of them provides a specific kind of legal aid.<\/p><p>You can find the list of the authorized NGOs and legal clinics here:\u00a0<a href=\"http:\/\/www.mprh.hr\/ovludruge-pravne-klinike01\">http:\/\/www.mprh.hr\/ovludruge-pravne-klinike01<\/a><\/p><p>The list of lawyers can be found here:\u00a0<a href=\"http:\/\/www.mprh.hr\/liste-odvjetnika03\">http:\/\/www.mprh.hr\/liste-odvjetnika03<\/a><\/p><p>The Office of the Ombudswoman provides only general legal information and directs the citizens to the relevant institutions and\/or authorized free legal aid providers.<\/p><\/div><\/div><\/div><\/div>\n\t\t\t\t<\/div>\n\t\t\t\t\t\t\t<div class=\"elementor-toggle-item\">\n\t\t\t\t\t<div id=\"elementor-tab-title-28510\" class=\"elementor-tab-title\" data-tab=\"10\" role=\"button\" aria-controls=\"elementor-tab-content-28510\" aria-expanded=\"false\">\n\t\t\t\t\t\t\t\t\t\t\t\t<span class=\"elementor-toggle-icon elementor-toggle-icon-right\" aria-hidden=\"true\">\n\t\t\t\t\t\t\t\t\t\t\t\t\t\t\t<span class=\"elementor-toggle-icon-closed\"><i class=\"fas fa-long-arrow-alt-down\"><\/i><\/span>\n\t\t\t\t\t\t\t\t<span class=\"elementor-toggle-icon-opened\"><i class=\"elementor-toggle-icon-opened fas fa-long-arrow-alt-up\"><\/i><\/span>\n\t\t\t\t\t\t\t\t\t\t\t\t\t<\/span>\n\t\t\t\t\t\t\t\t\t\t\t\t<a class=\"elementor-toggle-title\" tabindex=\"0\">How can you obtain the information on the status of the complaint you have submitted?<\/a>\n\t\t\t\t\t<\/div>\n\n\t\t\t\t\t<div id=\"elementor-tab-content-28510\" class=\"elementor-tab-content elementor-clearfix\" data-tab=\"10\" role=\"region\" aria-labelledby=\"elementor-tab-title-28510\"><div class=\"vc_tta-panel-body\"><div class=\"wpb_text_column wpb_content_element \"><div class=\"wpb_wrapper\"><p>To obtain the information on the status of your complaint you can contact the Office every working day from 8.a.m. to 4 p.m. via the following phone number:<\/p><p>+ 385 1 4851 853.<\/p><\/div><\/div><\/div><\/div>\n\t\t\t\t<\/div>\n\t\t\t\t\t\t\t<div class=\"elementor-toggle-item\">\n\t\t\t\t\t<div id=\"elementor-tab-title-28511\" class=\"elementor-tab-title\" data-tab=\"11\" role=\"button\" aria-controls=\"elementor-tab-content-28511\" aria-expanded=\"false\">\n\t\t\t\t\t\t\t\t\t\t\t\t<span class=\"elementor-toggle-icon elementor-toggle-icon-right\" aria-hidden=\"true\">\n\t\t\t\t\t\t\t\t\t\t\t\t\t\t\t<span class=\"elementor-toggle-icon-closed\"><i class=\"fas fa-long-arrow-alt-down\"><\/i><\/span>\n\t\t\t\t\t\t\t\t<span class=\"elementor-toggle-icon-opened\"><i class=\"elementor-toggle-icon-opened fas fa-long-arrow-alt-up\"><\/i><\/span>\n\t\t\t\t\t\t\t\t\t\t\t\t\t<\/span>\n\t\t\t\t\t\t\t\t\t\t\t\t<a class=\"elementor-toggle-title\" tabindex=\"0\">Who finances the Ombudswoman and her Office?<\/a>\n\t\t\t\t\t<\/div>\n\n\t\t\t\t\t<div id=\"elementor-tab-content-28511\" class=\"elementor-tab-content elementor-clearfix\" data-tab=\"11\" role=\"region\" aria-labelledby=\"elementor-tab-title-28511\"><div class=\"vc_tta-panel-body\"><div class=\"wpb_text_column wpb_content_element \"><div class=\"wpb_wrapper\"><p>The financial resources for the work of the Ombudswoman and her Office are provided for in the State Budget of the Republic of Croatia in line with the Ombudsman Act (Official Gazette 76\/12). However, additional activities of the Office can be implemented through the projects financed by external donors like the EU, UN and others.<\/p><\/div><\/div><\/div><\/div>\n\t\t\t\t<\/div>\n\t\t\t\t\t\t\t<div class=\"elementor-toggle-item\">\n\t\t\t\t\t<div id=\"elementor-tab-title-28512\" class=\"elementor-tab-title\" data-tab=\"12\" role=\"button\" aria-controls=\"elementor-tab-content-28512\" aria-expanded=\"false\">\n\t\t\t\t\t\t\t\t\t\t\t\t<span class=\"elementor-toggle-icon elementor-toggle-icon-right\" aria-hidden=\"true\">\n\t\t\t\t\t\t\t\t\t\t\t\t\t\t\t<span class=\"elementor-toggle-icon-closed\"><i class=\"fas fa-long-arrow-alt-down\"><\/i><\/span>\n\t\t\t\t\t\t\t\t<span class=\"elementor-toggle-icon-opened\"><i class=\"elementor-toggle-icon-opened fas fa-long-arrow-alt-up\"><\/i><\/span>\n\t\t\t\t\t\t\t\t\t\t\t\t\t<\/span>\n\t\t\t\t\t\t\t\t\t\t\t\t<a class=\"elementor-toggle-title\" tabindex=\"0\">What is the Council for Human Rights?<\/a>\n\t\t\t\t\t<\/div>\n\n\t\t\t\t\t<div id=\"elementor-tab-content-28512\" class=\"elementor-tab-content elementor-clearfix\" data-tab=\"12\" role=\"region\" aria-labelledby=\"elementor-tab-title-28512\"><div class=\"vc_tta-panel-body\"><div class=\"wpb_text_column wpb_content_element \"><div class=\"wpb_wrapper\"><p>The Council for Human Rights is a new advisory body to the Ombudswoman. It proposes strategic guidelines in the field of promotion of human rights and freedoms to the Ombudswoman and secures permanent cooperation between the Ombudswoman, the civil society, the academic community and the media since their representatives are members of the Council.<\/p><p>The Ombudswoman established the Council on 18 November 2013.<\/p><\/div><\/div><\/div><\/div>\n\t\t\t\t<\/div>\n\t\t\t\t\t\t\t\t<\/div>\n\t\t\t\t\t\t<\/div>\n\t\t\t\t<\/div>\n\t\t\t\t\t<\/div>\n\t\t<\/div>\n\t\t\t\t\t<\/div>\n\t\t<\/section>\n\t\t\t\t\t<\/div>\n\t\t<\/div>\n\t\t\t\t\t<\/div>\n\t\t<\/section>\n\t\t\t\t<section class=\"elementor-section elementor-top-section elementor-element elementor-element-fb90997 elementor-section-boxed elementor-section-height-default elementor-section-height-default\" data-id=\"fb90997\" data-element_type=\"section\" data-e-type=\"section\">\n\t\t\t\t\t\t<div class=\"elementor-container elementor-column-gap-default\">\n\t\t\t\t\t<div class=\"elementor-column elementor-col-100 elementor-top-column elementor-element elementor-element-af2b452\" data-id=\"af2b452\" data-element_type=\"column\" data-e-type=\"column\">\n\t\t\t<div class=\"elementor-widget-wrap elementor-element-populated\">\n\t\t\t\t\t\t<div class=\"elementor-element elementor-element-12a0f08 elementor-widget elementor-widget-heading\" data-id=\"12a0f08\" data-element_type=\"widget\" data-e-type=\"widget\" data-widget_type=\"heading.default\">\n\t\t\t\t<div class=\"elementor-widget-container\">\n\t\t\t\t\t<h2 class=\"elementor-heading-title elementor-size-default\">Persons deprived of liberty and NPM<\/h2>\t\t\t\t<\/div>\n\t\t\t\t<\/div>\n\t\t\t\t<section class=\"elementor-section elementor-inner-section elementor-element elementor-element-8df4106 elementor-section-boxed elementor-section-height-default elementor-section-height-default\" data-id=\"8df4106\" data-element_type=\"section\" data-e-type=\"section\">\n\t\t\t\t\t\t<div class=\"elementor-container elementor-column-gap-default\">\n\t\t\t\t\t<div class=\"elementor-column elementor-col-50 elementor-inner-column elementor-element elementor-element-411c89b\" data-id=\"411c89b\" data-element_type=\"column\" data-e-type=\"column\">\n\t\t\t<div class=\"elementor-widget-wrap elementor-element-populated\">\n\t\t\t\t\t\t<div class=\"elementor-element elementor-element-69c1dd4 elementor-widget elementor-widget-toggle\" data-id=\"69c1dd4\" data-element_type=\"widget\" data-e-type=\"widget\" data-widget_type=\"toggle.default\">\n\t\t\t\t<div class=\"elementor-widget-container\">\n\t\t\t\t\t\t\t<div class=\"elementor-toggle\">\n\t\t\t\t\t\t\t<div class=\"elementor-toggle-item\">\n\t\t\t\t\t<div id=\"elementor-tab-title-1101\" class=\"elementor-tab-title\" data-tab=\"1\" role=\"button\" aria-controls=\"elementor-tab-content-1101\" aria-expanded=\"false\">\n\t\t\t\t\t\t\t\t\t\t\t\t<span class=\"elementor-toggle-icon elementor-toggle-icon-right\" aria-hidden=\"true\">\n\t\t\t\t\t\t\t\t\t\t\t\t\t\t\t<span class=\"elementor-toggle-icon-closed\"><i class=\"fas fa-long-arrow-alt-down\"><\/i><\/span>\n\t\t\t\t\t\t\t\t<span class=\"elementor-toggle-icon-opened\"><i class=\"elementor-toggle-icon-opened fas fa-long-arrow-alt-up\"><\/i><\/span>\n\t\t\t\t\t\t\t\t\t\t\t\t\t<\/span>\n\t\t\t\t\t\t\t\t\t\t\t\t<a class=\"elementor-toggle-title\" tabindex=\"0\">Do the persons deprived of their liberty have the right to address the Ombudswoman?<\/a>\n\t\t\t\t\t<\/div>\n\n\t\t\t\t\t<div id=\"elementor-tab-content-1101\" class=\"elementor-tab-content elementor-clearfix\" data-tab=\"1\" role=\"region\" aria-labelledby=\"elementor-tab-title-1101\"><p>Yes. All persons deprived of their liberty may address the Ombudswoman without any limitations. Moreover, no one can be prevented from lodging a complaint with the Ombudswoman or put in an unfavorable position for addressing the Ombudswoman.<\/p><\/div>\n\t\t\t\t<\/div>\n\t\t\t\t\t\t\t<div class=\"elementor-toggle-item\">\n\t\t\t\t\t<div id=\"elementor-tab-title-1102\" class=\"elementor-tab-title\" data-tab=\"2\" role=\"button\" aria-controls=\"elementor-tab-content-1102\" aria-expanded=\"false\">\n\t\t\t\t\t\t\t\t\t\t\t\t<span class=\"elementor-toggle-icon elementor-toggle-icon-right\" aria-hidden=\"true\">\n\t\t\t\t\t\t\t\t\t\t\t\t\t\t\t<span class=\"elementor-toggle-icon-closed\"><i class=\"fas fa-long-arrow-alt-down\"><\/i><\/span>\n\t\t\t\t\t\t\t\t<span class=\"elementor-toggle-icon-opened\"><i class=\"elementor-toggle-icon-opened fas fa-long-arrow-alt-up\"><\/i><\/span>\n\t\t\t\t\t\t\t\t\t\t\t\t\t<\/span>\n\t\t\t\t\t\t\t\t\t\t\t\t<a class=\"elementor-toggle-title\" tabindex=\"0\">How can persons deprived of liberty address the Ombudswoman?<\/a>\n\t\t\t\t\t<\/div>\n\n\t\t\t\t\t<div id=\"elementor-tab-content-1102\" class=\"elementor-tab-content elementor-clearfix\" data-tab=\"2\" role=\"region\" aria-labelledby=\"elementor-tab-title-1102\"><p>Persons deprived of their liberty can lodge a complaint with the Ombudswoman in a closed envelope. No one has the right to monitor the content of their complaint.<\/p><p>A complaint to the Ombudswoman can also be lodged by another person on behalf of a person deprived of their liberty, with written authorization thereof, by way of sending a letter or giving an oral statement on the record. Complaint can also be sent by e-mail with an enclosed reply-to postal address. The reply will be delivered to the claimant by regular mail irrespective of the manner in which the complaint was lodged.<\/p><\/div>\n\t\t\t\t<\/div>\n\t\t\t\t\t\t\t<div class=\"elementor-toggle-item\">\n\t\t\t\t\t<div id=\"elementor-tab-title-1103\" class=\"elementor-tab-title\" data-tab=\"3\" role=\"button\" aria-controls=\"elementor-tab-content-1103\" aria-expanded=\"false\">\n\t\t\t\t\t\t\t\t\t\t\t\t<span class=\"elementor-toggle-icon elementor-toggle-icon-right\" aria-hidden=\"true\">\n\t\t\t\t\t\t\t\t\t\t\t\t\t\t\t<span class=\"elementor-toggle-icon-closed\"><i class=\"fas fa-long-arrow-alt-down\"><\/i><\/span>\n\t\t\t\t\t\t\t\t<span class=\"elementor-toggle-icon-opened\"><i class=\"elementor-toggle-icon-opened fas fa-long-arrow-alt-up\"><\/i><\/span>\n\t\t\t\t\t\t\t\t\t\t\t\t\t<\/span>\n\t\t\t\t\t\t\t\t\t\t\t\t<a class=\"elementor-toggle-title\" tabindex=\"0\">What can the Ombudswoman do concerning the places where persons deprived of liberty are kept?<\/a>\n\t\t\t\t\t<\/div>\n\n\t\t\t\t\t<div id=\"elementor-tab-content-1103\" class=\"elementor-tab-content elementor-clearfix\" data-tab=\"3\" role=\"region\" aria-labelledby=\"elementor-tab-title-1103\"><div class=\"vc_tta-panel-body\"><div class=\"wpb_text_column wpb_content_element \"><div class=\"wpb_wrapper\"><p>The Ombudswoman can pay announced visits at any time to the places and examine the facilities where the persons deprived of their liberty or the persons whose freedom of movement is restricted are kept.<\/p><p>The Ombudswoman can freely access all premises and conduct private interviews with all persons who can provide relevant information regarding the suspected violations of human rights caused by the treatment in the place or institution visited, without the presence of the officials of the visited place or the institution of detention.<\/p><\/div><\/div><\/div><\/div>\n\t\t\t\t<\/div>\n\t\t\t\t\t\t\t\t<\/div>\n\t\t\t\t\t\t<\/div>\n\t\t\t\t<\/div>\n\t\t\t\t\t<\/div>\n\t\t<\/div>\n\t\t\t\t<div class=\"elementor-column elementor-col-50 elementor-inner-column elementor-element elementor-element-ea8d9f8\" data-id=\"ea8d9f8\" data-element_type=\"column\" data-e-type=\"column\">\n\t\t\t<div class=\"elementor-widget-wrap elementor-element-populated\">\n\t\t\t\t\t\t<div class=\"elementor-element elementor-element-625359c elementor-widget elementor-widget-toggle\" data-id=\"625359c\" data-element_type=\"widget\" data-e-type=\"widget\" data-widget_type=\"toggle.default\">\n\t\t\t\t<div class=\"elementor-widget-container\">\n\t\t\t\t\t\t\t<div class=\"elementor-toggle\">\n\t\t\t\t\t\t\t<div class=\"elementor-toggle-item\">\n\t\t\t\t\t<div id=\"elementor-tab-title-1031\" class=\"elementor-tab-title\" data-tab=\"1\" role=\"button\" aria-controls=\"elementor-tab-content-1031\" aria-expanded=\"false\">\n\t\t\t\t\t\t\t\t\t\t\t\t<span class=\"elementor-toggle-icon elementor-toggle-icon-right\" aria-hidden=\"true\">\n\t\t\t\t\t\t\t\t\t\t\t\t\t\t\t<span class=\"elementor-toggle-icon-closed\"><i class=\"fas fa-long-arrow-alt-down\"><\/i><\/span>\n\t\t\t\t\t\t\t\t<span class=\"elementor-toggle-icon-opened\"><i class=\"elementor-toggle-icon-opened fas fa-long-arrow-alt-up\"><\/i><\/span>\n\t\t\t\t\t\t\t\t\t\t\t\t\t<\/span>\n\t\t\t\t\t\t\t\t\t\t\t\t<a class=\"elementor-toggle-title\" tabindex=\"0\">What is the NPM \u2013 National Preventive Mechanism?<\/a>\n\t\t\t\t\t<\/div>\n\n\t\t\t\t\t<div id=\"elementor-tab-content-1031\" class=\"elementor-tab-content elementor-clearfix\" data-tab=\"1\" role=\"region\" aria-labelledby=\"elementor-tab-title-1031\"><p>National Preventive Mechanism (NPM) is a body in charge with the prevention of torture and other cruel, inhuman or degrading treatment or punishment in places where persons deprived of their liberty as well as the persons who are detained, imprisoned or placed in a public custodial setting which they are not allowed to leave are kept.<\/p><\/div>\n\t\t\t\t<\/div>\n\t\t\t\t\t\t\t<div class=\"elementor-toggle-item\">\n\t\t\t\t\t<div id=\"elementor-tab-title-1032\" class=\"elementor-tab-title\" data-tab=\"2\" role=\"button\" aria-controls=\"elementor-tab-content-1032\" aria-expanded=\"false\">\n\t\t\t\t\t\t\t\t\t\t\t\t<span class=\"elementor-toggle-icon elementor-toggle-icon-right\" aria-hidden=\"true\">\n\t\t\t\t\t\t\t\t\t\t\t\t\t\t\t<span class=\"elementor-toggle-icon-closed\"><i class=\"fas fa-long-arrow-alt-down\"><\/i><\/span>\n\t\t\t\t\t\t\t\t<span class=\"elementor-toggle-icon-opened\"><i class=\"elementor-toggle-icon-opened fas fa-long-arrow-alt-up\"><\/i><\/span>\n\t\t\t\t\t\t\t\t\t\t\t\t\t<\/span>\n\t\t\t\t\t\t\t\t\t\t\t\t<a class=\"elementor-toggle-title\" tabindex=\"0\">What does the NPM do?<\/a>\n\t\t\t\t\t<\/div>\n\n\t\t\t\t\t<div id=\"elementor-tab-content-1032\" class=\"elementor-tab-content elementor-clearfix\" data-tab=\"2\" role=\"region\" aria-labelledby=\"elementor-tab-title-1032\"><div class=\"vc_tta-panel-body\"><div class=\"wpb_text_column wpb_content_element \"><div class=\"wpb_wrapper\"><p>\u2013 pays regular visits to places where persons are or may be deprived of their liberty, aimed at strengthening the protection of these persons against torture and other cruel, inhuman or degrading treatment or punishment,<\/p><p>\u2013 gives recommendations to the competent government bodies and institutions aimed at improving the treatment and the living conditions of the persons deprived of their liberty, with a view of preventing torture and other cruel, inhuman or degrading treatment or punishment,<\/p><p>\u2013 makes proposals and observations concerning the existing laws and regulations or their drafts with a view of enhancing the protection of persons deprived of their liberty against torture and other cruel, inhuman or degrading treatment or punishment,<\/p><p>\u2013 cooperates with the United Nations Subcommittee on Prevention of Torture and Other Cruel, Inhuman or Degrading Treatment or Punishment of the Committee against Torture, delivers information to and meets with the Subcommittee on Prevention of Torture.<\/p><\/div><\/div><\/div><\/div>\n\t\t\t\t<\/div>\n\t\t\t\t\t\t\t\t<\/div>\n\t\t\t\t\t\t<\/div>\n\t\t\t\t<\/div>\n\t\t\t\t\t<\/div>\n\t\t<\/div>\n\t\t\t\t\t<\/div>\n\t\t<\/section>\n\t\t\t\t\t<\/div>\n\t\t<\/div>\n\t\t\t\t\t<\/div>\n\t\t<\/section>\n\t\t\t\t<section class=\"elementor-section elementor-top-section elementor-element elementor-element-5ee72fd elementor-section-boxed elementor-section-height-default elementor-section-height-default\" data-id=\"5ee72fd\" data-element_type=\"section\" data-e-type=\"section\">\n\t\t\t\t\t\t<div class=\"elementor-container elementor-column-gap-default\">\n\t\t\t\t\t<div class=\"elementor-column elementor-col-100 elementor-top-column elementor-element elementor-element-6a9f581\" data-id=\"6a9f581\" data-element_type=\"column\" data-e-type=\"column\">\n\t\t\t<div class=\"elementor-widget-wrap elementor-element-populated\">\n\t\t\t\t\t\t<div class=\"elementor-element elementor-element-45cd50e elementor-widget elementor-widget-heading\" data-id=\"45cd50e\" data-element_type=\"widget\" data-e-type=\"widget\" data-widget_type=\"heading.default\">\n\t\t\t\t<div class=\"elementor-widget-container\">\n\t\t\t\t\t<h2 class=\"elementor-heading-title elementor-size-default\">International role and activities<\/h2>\t\t\t\t<\/div>\n\t\t\t\t<\/div>\n\t\t\t\t<section class=\"elementor-section elementor-inner-section elementor-element elementor-element-2bf2fa0 elementor-section-boxed elementor-section-height-default elementor-section-height-default\" data-id=\"2bf2fa0\" data-element_type=\"section\" data-e-type=\"section\">\n\t\t\t\t\t\t<div class=\"elementor-container elementor-column-gap-default\">\n\t\t\t\t\t<div class=\"elementor-column elementor-col-50 elementor-inner-column elementor-element elementor-element-f7f3e53\" data-id=\"f7f3e53\" data-element_type=\"column\" data-e-type=\"column\">\n\t\t\t<div class=\"elementor-widget-wrap elementor-element-populated\">\n\t\t\t\t\t\t<div class=\"elementor-element elementor-element-3c4b91c elementor-widget elementor-widget-toggle\" data-id=\"3c4b91c\" data-element_type=\"widget\" data-e-type=\"widget\" data-widget_type=\"toggle.default\">\n\t\t\t\t<div class=\"elementor-widget-container\">\n\t\t\t\t\t\t\t<div class=\"elementor-toggle\">\n\t\t\t\t\t\t\t<div class=\"elementor-toggle-item\">\n\t\t\t\t\t<div id=\"elementor-tab-title-6321\" class=\"elementor-tab-title\" data-tab=\"1\" role=\"button\" aria-controls=\"elementor-tab-content-6321\" aria-expanded=\"false\">\n\t\t\t\t\t\t\t\t\t\t\t\t<span class=\"elementor-toggle-icon elementor-toggle-icon-right\" aria-hidden=\"true\">\n\t\t\t\t\t\t\t\t\t\t\t\t\t\t\t<span class=\"elementor-toggle-icon-closed\"><i class=\"fas fa-long-arrow-alt-down\"><\/i><\/span>\n\t\t\t\t\t\t\t\t<span class=\"elementor-toggle-icon-opened\"><i class=\"elementor-toggle-icon-opened fas fa-long-arrow-alt-up\"><\/i><\/span>\n\t\t\t\t\t\t\t\t\t\t\t\t\t<\/span>\n\t\t\t\t\t\t\t\t\t\t\t\t<a class=\"elementor-toggle-title\" tabindex=\"0\">What is the Ombudswoman\u2019s international role?<\/a>\n\t\t\t\t\t<\/div>\n\n\t\t\t\t\t<div id=\"elementor-tab-content-6321\" class=\"elementor-tab-content elementor-clearfix\" data-tab=\"1\" role=\"region\" aria-labelledby=\"elementor-tab-title-6321\"><p>In 2008 the International Coordinating Committee for National Human Rights Institutions (ICC NHRI) accredited the Ombudswoman as an independent National Human Rights Institution (NHRI) with status \u201cA\u201d for the promotion and protection of human rights according to the Paris Principles within the UN human rights system.<\/p><\/div>\n\t\t\t\t<\/div>\n\t\t\t\t\t\t\t<div class=\"elementor-toggle-item\">\n\t\t\t\t\t<div id=\"elementor-tab-title-6322\" class=\"elementor-tab-title\" data-tab=\"2\" role=\"button\" aria-controls=\"elementor-tab-content-6322\" aria-expanded=\"false\">\n\t\t\t\t\t\t\t\t\t\t\t\t<span class=\"elementor-toggle-icon elementor-toggle-icon-right\" aria-hidden=\"true\">\n\t\t\t\t\t\t\t\t\t\t\t\t\t\t\t<span class=\"elementor-toggle-icon-closed\"><i class=\"fas fa-long-arrow-alt-down\"><\/i><\/span>\n\t\t\t\t\t\t\t\t<span class=\"elementor-toggle-icon-opened\"><i class=\"elementor-toggle-icon-opened fas fa-long-arrow-alt-up\"><\/i><\/span>\n\t\t\t\t\t\t\t\t\t\t\t\t\t<\/span>\n\t\t\t\t\t\t\t\t\t\t\t\t<a class=\"elementor-toggle-title\" tabindex=\"0\">What are the Paris Principles?<\/a>\n\t\t\t\t\t<\/div>\n\n\t\t\t\t\t<div id=\"elementor-tab-content-6322\" class=\"elementor-tab-content elementor-clearfix\" data-tab=\"2\" role=\"region\" aria-labelledby=\"elementor-tab-title-6322\"><p>The UN General Assembly adopted the international principles for the establishment of national human rights institutions in 1993 in Paris, thus known as the Paris Principles. These are: a founding constitutional or legislative statute; a broad mandate; an independent appointments procedure, the terms of office specified by the law; a pluralistic and representative composition; regular and effective functioning; the independence from the executive branch of the Government and adequate funding<\/p><\/div>\n\t\t\t\t<\/div>\n\t\t\t\t\t\t\t\t<\/div>\n\t\t\t\t\t\t<\/div>\n\t\t\t\t<\/div>\n\t\t\t\t\t<\/div>\n\t\t<\/div>\n\t\t\t\t<div class=\"elementor-column elementor-col-50 elementor-inner-column elementor-element elementor-element-4096b31\" data-id=\"4096b31\" data-element_type=\"column\" data-e-type=\"column\">\n\t\t\t<div class=\"elementor-widget-wrap elementor-element-populated\">\n\t\t\t\t\t\t<div class=\"elementor-element elementor-element-6d47a22 elementor-widget elementor-widget-toggle\" data-id=\"6d47a22\" data-element_type=\"widget\" data-e-type=\"widget\" data-widget_type=\"toggle.default\">\n\t\t\t\t<div class=\"elementor-widget-container\">\n\t\t\t\t\t\t\t<div class=\"elementor-toggle\">\n\t\t\t\t\t\t\t<div class=\"elementor-toggle-item\">\n\t\t\t\t\t<div id=\"elementor-tab-title-1141\" class=\"elementor-tab-title\" data-tab=\"1\" role=\"button\" aria-controls=\"elementor-tab-content-1141\" aria-expanded=\"false\">\n\t\t\t\t\t\t\t\t\t\t\t\t<span class=\"elementor-toggle-icon elementor-toggle-icon-right\" aria-hidden=\"true\">\n\t\t\t\t\t\t\t\t\t\t\t\t\t\t\t<span class=\"elementor-toggle-icon-closed\"><i class=\"fas fa-long-arrow-alt-down\"><\/i><\/span>\n\t\t\t\t\t\t\t\t<span class=\"elementor-toggle-icon-opened\"><i class=\"elementor-toggle-icon-opened fas fa-long-arrow-alt-up\"><\/i><\/span>\n\t\t\t\t\t\t\t\t\t\t\t\t\t<\/span>\n\t\t\t\t\t\t\t\t\t\t\t\t<a class=\"elementor-toggle-title\" tabindex=\"0\">With whom the Ombudswoman cooperates outside of Croatia?<\/a>\n\t\t\t\t\t<\/div>\n\n\t\t\t\t\t<div id=\"elementor-tab-content-1141\" class=\"elementor-tab-content elementor-clearfix\" data-tab=\"1\" role=\"region\" aria-labelledby=\"elementor-tab-title-1141\"><p>Regarding the activities related to its NHRI \u201cA\u201d status accreditation within the UN system the Ombudsman institution is part of the European branch (ENNHRI) of the ICC NHRI. As the central equality body in Croatia the Ombudswoman is a member of the European network of equality bodies (EQUINET). Our institution is also a member of the Association of Mediterranean Ombudsmen (AOM), International Ombudsmen Institute (IOI), and a member of the\u00a0<a href=\"https:\/\/www.ombudsman.europa.eu\/en\/european-network-of-ombudsmen\/about\/en\">European Network of Ombudsmen<\/a>\u00a0(ENO), cooperating with the institution of\u00a0<a href=\"https:\/\/www.ombudsman.europa.eu\/en\/home\">European Ombudsman<\/a>\u00a0as well.<\/p><p>As the NPM we cooperate with the UN Sub-Committee against Torture (SPT), European Committee against Torture (CPT) and are a member of the regional NPM network in the South East Europe.<\/p><\/div>\n\t\t\t\t<\/div>\n\t\t\t\t\t\t\t<div class=\"elementor-toggle-item\">\n\t\t\t\t\t<div id=\"elementor-tab-title-1142\" class=\"elementor-tab-title\" data-tab=\"2\" role=\"button\" aria-controls=\"elementor-tab-content-1142\" aria-expanded=\"false\">\n\t\t\t\t\t\t\t\t\t\t\t\t<span class=\"elementor-toggle-icon elementor-toggle-icon-right\" aria-hidden=\"true\">\n\t\t\t\t\t\t\t\t\t\t\t\t\t\t\t<span class=\"elementor-toggle-icon-closed\"><i class=\"fas fa-long-arrow-alt-down\"><\/i><\/span>\n\t\t\t\t\t\t\t\t<span class=\"elementor-toggle-icon-opened\"><i class=\"elementor-toggle-icon-opened fas fa-long-arrow-alt-up\"><\/i><\/span>\n\t\t\t\t\t\t\t\t\t\t\t\t\t<\/span>\n\t\t\t\t\t\t\t\t\t\t\t\t<a class=\"elementor-toggle-title\" tabindex=\"0\">What is the purpose of the Ombudswoman\u2019s international activities?<\/a>\n\t\t\t\t\t<\/div>\n\n\t\t\t\t\t<div id=\"elementor-tab-content-1142\" class=\"elementor-tab-content elementor-clearfix\" data-tab=\"2\" role=\"region\" aria-labelledby=\"elementor-tab-title-1142\"><div class=\"vc_tta-panel-body\"><div class=\"wpb_text_column wpb_content_element \"><div class=\"wpb_wrapper\"><p>International human rights documents at the UN, EU and the CoE level of which the Republic of Croatia is a party are part of the internal legal order of the Republic of Croatia and are the framework for the improvement of the human rights situation in the country. On the other hand, they oblige the state to comply with their principles and to report back regularly on their implementation in practice. As the NHRI the Ombudswoman has a special monitoring mandate.<\/p><\/div><\/div><\/div><\/div>\n\t\t\t\t<\/div>\n\t\t\t\t\t\t\t\t<\/div>\n\t\t\t\t\t\t<\/div>\n\t\t\t\t<\/div>\n\t\t\t\t\t<\/div>\n\t\t<\/div>\n\t\t\t\t\t<\/div>\n\t\t<\/section>\n\t\t\t\t\t<\/div>\n\t\t<\/div>\n\t\t\t\t\t<\/div>\n\t\t<\/section>\n\t\t\t\t<section class=\"elementor-section elementor-top-section elementor-element elementor-element-511acb2 elementor-section-boxed elementor-section-height-default elementor-section-height-default\" data-id=\"511acb2\" data-element_type=\"section\" data-e-type=\"section\">\n\t\t\t\t\t\t<div class=\"elementor-container elementor-column-gap-default\">\n\t\t\t\t\t<div class=\"elementor-column elementor-col-100 elementor-top-column elementor-element elementor-element-687e68b\" data-id=\"687e68b\" data-element_type=\"column\" data-e-type=\"column\">\n\t\t\t<div class=\"elementor-widget-wrap elementor-element-populated\">\n\t\t\t\t\t\t<div class=\"elementor-element elementor-element-7578549 elementor-widget elementor-widget-heading\" data-id=\"7578549\" data-element_type=\"widget\" data-e-type=\"widget\" data-widget_type=\"heading.default\">\n\t\t\t\t<div class=\"elementor-widget-container\">\n\t\t\t\t\t<h2 class=\"elementor-heading-title elementor-size-default\">Fighting discrimination<\/h2>\t\t\t\t<\/div>\n\t\t\t\t<\/div>\n\t\t\t\t<section class=\"elementor-section elementor-inner-section elementor-element elementor-element-b2e08d5 elementor-section-boxed elementor-section-height-default elementor-section-height-default\" data-id=\"b2e08d5\" data-element_type=\"section\" data-e-type=\"section\">\n\t\t\t\t\t\t<div class=\"elementor-container elementor-column-gap-default\">\n\t\t\t\t\t<div class=\"elementor-column elementor-col-50 elementor-inner-column elementor-element elementor-element-c2af360\" data-id=\"c2af360\" data-element_type=\"column\" data-e-type=\"column\">\n\t\t\t<div class=\"elementor-widget-wrap elementor-element-populated\">\n\t\t\t\t\t\t<div class=\"elementor-element elementor-element-0c9e46f elementor-widget elementor-widget-toggle\" data-id=\"0c9e46f\" data-element_type=\"widget\" data-e-type=\"widget\" data-widget_type=\"toggle.default\">\n\t\t\t\t<div class=\"elementor-widget-container\">\n\t\t\t\t\t\t\t<div class=\"elementor-toggle\">\n\t\t\t\t\t\t\t<div class=\"elementor-toggle-item\">\n\t\t\t\t\t<div id=\"elementor-tab-title-1321\" class=\"elementor-tab-title\" data-tab=\"1\" role=\"button\" aria-controls=\"elementor-tab-content-1321\" aria-expanded=\"false\">\n\t\t\t\t\t\t\t\t\t\t\t\t<span class=\"elementor-toggle-icon elementor-toggle-icon-right\" aria-hidden=\"true\">\n\t\t\t\t\t\t\t\t\t\t\t\t\t\t\t<span class=\"elementor-toggle-icon-closed\"><i class=\"fas fa-long-arrow-alt-down\"><\/i><\/span>\n\t\t\t\t\t\t\t\t<span class=\"elementor-toggle-icon-opened\"><i class=\"elementor-toggle-icon-opened fas fa-long-arrow-alt-up\"><\/i><\/span>\n\t\t\t\t\t\t\t\t\t\t\t\t\t<\/span>\n\t\t\t\t\t\t\t\t\t\t\t\t<a class=\"elementor-toggle-title\" tabindex=\"0\">What is discrimination?<\/a>\n\t\t\t\t\t<\/div>\n\n\t\t\t\t\t<div id=\"elementor-tab-content-1321\" class=\"elementor-tab-content elementor-clearfix\" data-tab=\"1\" role=\"region\" aria-labelledby=\"elementor-tab-title-1321\"><p>People frequently use the word \u201cdiscrimination\u201d when they believe they were treated unjustly in some way, when they feel deprived of something or belittled and humiliated.<\/p><p>However, the Croatian Anti-discrimination Act stipulates that discrimination is an unjustified and prohibited difference in treatment on the basis of certain characteristics listed in the Article 1 of the Act.<\/p><\/div>\n\t\t\t\t<\/div>\n\t\t\t\t\t\t\t<div class=\"elementor-toggle-item\">\n\t\t\t\t\t<div id=\"elementor-tab-title-1322\" class=\"elementor-tab-title\" data-tab=\"2\" role=\"button\" aria-controls=\"elementor-tab-content-1322\" aria-expanded=\"false\">\n\t\t\t\t\t\t\t\t\t\t\t\t<span class=\"elementor-toggle-icon elementor-toggle-icon-right\" aria-hidden=\"true\">\n\t\t\t\t\t\t\t\t\t\t\t\t\t\t\t<span class=\"elementor-toggle-icon-closed\"><i class=\"fas fa-long-arrow-alt-down\"><\/i><\/span>\n\t\t\t\t\t\t\t\t<span class=\"elementor-toggle-icon-opened\"><i class=\"elementor-toggle-icon-opened fas fa-long-arrow-alt-up\"><\/i><\/span>\n\t\t\t\t\t\t\t\t\t\t\t\t\t<\/span>\n\t\t\t\t\t\t\t\t\t\t\t\t<a class=\"elementor-toggle-title\" tabindex=\"0\">On which grounds is discrimination prohibited?<\/a>\n\t\t\t\t\t<\/div>\n\n\t\t\t\t\t<div id=\"elementor-tab-content-1322\" class=\"elementor-tab-content elementor-clearfix\" data-tab=\"2\" role=\"region\" aria-labelledby=\"elementor-tab-title-1322\"><p>Discrimination grounds listed in the Article 1 of the Anti-discrimination Act are:<\/p><p>\u2022 race or ethnic affiliation or colour<\/p><p>\u2022 gender<\/p><p>\u2022 language<\/p><p>\u2022 religion<\/p><p>\u2022 political or other belief<\/p><p>\u2022 national or social origin<\/p><p>\u2022 property status<\/p><p>\u2022 trade union membership<\/p><p>\u2022 education<\/p><p>\u2022 social status<\/p><p>\u2022 marital or family status<\/p><p>\u2022 age<\/p><p>\u2022 health status<\/p><p>\u2022 disability<\/p><p>\u2022 genetic heritage<\/p><p>\u2022 gender identity and expression<\/p><p>\u2022 sexual orientation<\/p><p>In which areas of life is discrimination prohibited?<\/p><p>Discrimination is prohibited especially in the following areas:<\/p><p>1. work and working conditions; access to self-employment and occupation, including selection criteria, recruiting and promotion conditions; access to all types of vocational guidance, vocational training, professional improvement and retraining;<\/p><p>2. education, science and sports;<\/p><p>3. social security, including social welfare, pension and health insurance and unemployment insurance;<\/p><p>4. health protection;<\/p><p>5. judiciary and administration;<\/p><p>6. housing;<\/p><p>7. public informing and the media;<\/p><p>8. access to goods and services and their providing;<\/p><p>9. membership and activities in trade unions, civil society organisations, political parties or any other organisations;<\/p><p>10. access to participation in the cultural and artistic creation.<\/p><p>Discrimination is also prohibited in other areas of life, but it will be up to the Croatian courts to determine to which other areas the Anti-discrimination Act applies<\/p><\/div>\n\t\t\t\t<\/div>\n\t\t\t\t\t\t\t<div class=\"elementor-toggle-item\">\n\t\t\t\t\t<div id=\"elementor-tab-title-1323\" class=\"elementor-tab-title\" data-tab=\"3\" role=\"button\" aria-controls=\"elementor-tab-content-1323\" aria-expanded=\"false\">\n\t\t\t\t\t\t\t\t\t\t\t\t<span class=\"elementor-toggle-icon elementor-toggle-icon-right\" aria-hidden=\"true\">\n\t\t\t\t\t\t\t\t\t\t\t\t\t\t\t<span class=\"elementor-toggle-icon-closed\"><i class=\"fas fa-long-arrow-alt-down\"><\/i><\/span>\n\t\t\t\t\t\t\t\t<span class=\"elementor-toggle-icon-opened\"><i class=\"elementor-toggle-icon-opened fas fa-long-arrow-alt-up\"><\/i><\/span>\n\t\t\t\t\t\t\t\t\t\t\t\t\t<\/span>\n\t\t\t\t\t\t\t\t\t\t\t\t<a class=\"elementor-toggle-title\" tabindex=\"0\">In which areas of life is discrimination prohibited?<\/a>\n\t\t\t\t\t<\/div>\n\n\t\t\t\t\t<div id=\"elementor-tab-content-1323\" class=\"elementor-tab-content elementor-clearfix\" data-tab=\"3\" role=\"region\" aria-labelledby=\"elementor-tab-title-1323\"><p>Discrimination is prohibited especially in the following areas:<\/p><p>1. work and working conditions; access to self-employment and occupation, including selection criteria, recruiting and promotion conditions; access to all types of vocational guidance, vocational training, professional improvement and retraining;<\/p><p>2. education, science and sports;<\/p><p>3. social security, including social welfare, pension and health insurance and unemployment insurance;<\/p><p>4. health protection;<\/p><p>5. judiciary and administration;<\/p><p>6. housing;<\/p><p>7. public informing and the media;<\/p><p>8. access to goods and services and their providing;<\/p><p>9. membership and activities in trade unions, civil society organisations, political parties or any other organisations;<\/p><p>10. access to participation in the cultural and artistic creation.<\/p><p>Discrimination is also prohibited in other areas of life, but it will be up to the Croatian courts to determine to which other areas the Anti-discrimination Act applies.<\/p><\/div>\n\t\t\t\t<\/div>\n\t\t\t\t\t\t\t<div class=\"elementor-toggle-item\">\n\t\t\t\t\t<div id=\"elementor-tab-title-1324\" class=\"elementor-tab-title\" data-tab=\"4\" role=\"button\" aria-controls=\"elementor-tab-content-1324\" aria-expanded=\"false\">\n\t\t\t\t\t\t\t\t\t\t\t\t<span class=\"elementor-toggle-icon elementor-toggle-icon-right\" aria-hidden=\"true\">\n\t\t\t\t\t\t\t\t\t\t\t\t\t\t\t<span class=\"elementor-toggle-icon-closed\"><i class=\"fas fa-long-arrow-alt-down\"><\/i><\/span>\n\t\t\t\t\t\t\t\t<span class=\"elementor-toggle-icon-opened\"><i class=\"elementor-toggle-icon-opened fas fa-long-arrow-alt-up\"><\/i><\/span>\n\t\t\t\t\t\t\t\t\t\t\t\t\t<\/span>\n\t\t\t\t\t\t\t\t\t\t\t\t<a class=\"elementor-toggle-title\" tabindex=\"0\">Who is prohibited from discriminating?<\/a>\n\t\t\t\t\t<\/div>\n\n\t\t\t\t\t<div id=\"elementor-tab-content-1324\" class=\"elementor-tab-content elementor-clearfix\" data-tab=\"4\" role=\"region\" aria-labelledby=\"elementor-tab-title-1324\"><p>No one is allowed to discriminate.<\/p><p>In line with the Anti-discrimination Act, the prohibition of discrimination applies to the actions of all state bodies (e.g. the ministries or state offices), of the bodies of the local and regional self-government units (municipalities, counties), of legal persons vested with public authority (e.g. schools, hospitals, etc.) as well as to the actions of all legal and natural persons.<\/p><\/div>\n\t\t\t\t<\/div>\n\t\t\t\t\t\t\t<div class=\"elementor-toggle-item\">\n\t\t\t\t\t<div id=\"elementor-tab-title-1325\" class=\"elementor-tab-title\" data-tab=\"5\" role=\"button\" aria-controls=\"elementor-tab-content-1325\" aria-expanded=\"false\">\n\t\t\t\t\t\t\t\t\t\t\t\t<span class=\"elementor-toggle-icon elementor-toggle-icon-right\" aria-hidden=\"true\">\n\t\t\t\t\t\t\t\t\t\t\t\t\t\t\t<span class=\"elementor-toggle-icon-closed\"><i class=\"fas fa-long-arrow-alt-down\"><\/i><\/span>\n\t\t\t\t\t\t\t\t<span class=\"elementor-toggle-icon-opened\"><i class=\"elementor-toggle-icon-opened fas fa-long-arrow-alt-up\"><\/i><\/span>\n\t\t\t\t\t\t\t\t\t\t\t\t\t<\/span>\n\t\t\t\t\t\t\t\t\t\t\t\t<a class=\"elementor-toggle-title\" tabindex=\"0\">How can we recognise discrimination?<\/a>\n\t\t\t\t\t<\/div>\n\n\t\t\t\t\t<div id=\"elementor-tab-content-1325\" class=\"elementor-tab-content elementor-clearfix\" data-tab=\"5\" role=\"region\" aria-labelledby=\"elementor-tab-title-1325\"><p>Discrimination is not easy to recognize. There are many situations in which individuals do not have an equal position or equal opportunities and believe they should and yet these situations are not considered to be discrimination.<\/p><p>If a person believes that he\/she does not have an equal position or equal opportunities as others due to his\/her affiliation to an ethnic minority or his\/her age, faith, trade union membership, for being a woman or homosexual or a person with a disability, he\/she should turn to the Office of the Ombudsman or to one of the specialized ombuds and they will investigate whether what this persons is experiencing or has experienced is against the law.<\/p><\/div>\n\t\t\t\t<\/div>\n\t\t\t\t\t\t\t\t<\/div>\n\t\t\t\t\t\t<\/div>\n\t\t\t\t<\/div>\n\t\t\t\t\t<\/div>\n\t\t<\/div>\n\t\t\t\t<div class=\"elementor-column elementor-col-50 elementor-inner-column elementor-element elementor-element-7b67d67\" data-id=\"7b67d67\" data-element_type=\"column\" data-e-type=\"column\">\n\t\t\t<div class=\"elementor-widget-wrap elementor-element-populated\">\n\t\t\t\t\t\t<div class=\"elementor-element elementor-element-088e797 elementor-widget elementor-widget-toggle\" data-id=\"088e797\" data-element_type=\"widget\" data-e-type=\"widget\" data-widget_type=\"toggle.default\">\n\t\t\t\t<div class=\"elementor-widget-container\">\n\t\t\t\t\t\t\t<div class=\"elementor-toggle\">\n\t\t\t\t\t\t\t<div class=\"elementor-toggle-item\">\n\t\t\t\t\t<div id=\"elementor-tab-title-8971\" class=\"elementor-tab-title\" data-tab=\"1\" role=\"button\" aria-controls=\"elementor-tab-content-8971\" aria-expanded=\"false\">\n\t\t\t\t\t\t\t\t\t\t\t\t<span class=\"elementor-toggle-icon elementor-toggle-icon-right\" aria-hidden=\"true\">\n\t\t\t\t\t\t\t\t\t\t\t\t\t\t\t<span class=\"elementor-toggle-icon-closed\"><i class=\"fas fa-long-arrow-alt-down\"><\/i><\/span>\n\t\t\t\t\t\t\t\t<span class=\"elementor-toggle-icon-opened\"><i class=\"elementor-toggle-icon-opened fas fa-long-arrow-alt-up\"><\/i><\/span>\n\t\t\t\t\t\t\t\t\t\t\t\t\t<\/span>\n\t\t\t\t\t\t\t\t\t\t\t\t<a class=\"elementor-toggle-title\" tabindex=\"0\">Who may address the Ombudswoman regarding discrimination and how?<\/a>\n\t\t\t\t\t<\/div>\n\n\t\t\t\t\t<div id=\"elementor-tab-content-8971\" class=\"elementor-tab-content elementor-clearfix\" data-tab=\"1\" role=\"region\" aria-labelledby=\"elementor-tab-title-8971\"><p>Anyone, including legal persons,\u00a0 who believes they have been discriminated against may lodge a discrimination complaint with the Ombudswoman according to the procedure described above. Given the fact that special Ombudspersons also deal with discrimination cases, prior to lodging his\/her complaint a person may seek advice to which body to turn. The Ombudswoman shall forward complaints to the special Ombudspersons when the complaints are in their competence:<\/p><p>\u2013 in case of discrimination based on gender, sexual orientation, gender identity and expression or family or marital status to the Ombudswoman for Gender Equality (<a href=\"http:\/\/www.prs.hr\/\">http:\/\/www.prs.hr<\/a>)<\/p><p>\u2013 in case of discrimination based on disability to the Ombudswoman for Persons with Disabilities (<a href=\"http:\/\/www.posi.hr\/\">http:\/\/www.posi.hr<\/a>)<\/p><p>\u2013 in case of discrimination of children to the Ombudswoman for Children (<a href=\"http:\/\/www.dijete.hr\/\">http:\/\/www.dijete.hr<\/a>).<\/p><\/div>\n\t\t\t\t<\/div>\n\t\t\t\t\t\t\t<div class=\"elementor-toggle-item\">\n\t\t\t\t\t<div id=\"elementor-tab-title-8972\" class=\"elementor-tab-title\" data-tab=\"2\" role=\"button\" aria-controls=\"elementor-tab-content-8972\" aria-expanded=\"false\">\n\t\t\t\t\t\t\t\t\t\t\t\t<span class=\"elementor-toggle-icon elementor-toggle-icon-right\" aria-hidden=\"true\">\n\t\t\t\t\t\t\t\t\t\t\t\t\t\t\t<span class=\"elementor-toggle-icon-closed\"><i class=\"fas fa-long-arrow-alt-down\"><\/i><\/span>\n\t\t\t\t\t\t\t\t<span class=\"elementor-toggle-icon-opened\"><i class=\"elementor-toggle-icon-opened fas fa-long-arrow-alt-up\"><\/i><\/span>\n\t\t\t\t\t\t\t\t\t\t\t\t\t<\/span>\n\t\t\t\t\t\t\t\t\t\t\t\t<a class=\"elementor-toggle-title\" tabindex=\"0\">Can you help other persons in cases of discrimination?<\/a>\n\t\t\t\t\t<\/div>\n\n\t\t\t\t\t<div id=\"elementor-tab-content-8972\" class=\"elementor-tab-content elementor-clearfix\" data-tab=\"2\" role=\"region\" aria-labelledby=\"elementor-tab-title-8972\"><div class=\"vc_tta-panel-body\"><div class=\"wpb_text_column wpb_content_element \"><div class=\"wpb_wrapper\"><p>You can help a person who suspects that he\/she is being discriminated against. First, you can advise them to contact the Ombudswoman and to send in a case description together with the relevant documentation. You can do it on their behalf as well, but only after having obtained their consent first.<\/p><p>If a person is afraid and does not want his\/her identity to be known he\/she can contact the Office of the Ombudsman anonymously. The Ombudswoman will nonetheless take the necessary steps to prevent discrimination.<\/p><\/div><\/div><\/div><\/div>\n\t\t\t\t<\/div>\n\t\t\t\t\t\t\t<div class=\"elementor-toggle-item\">\n\t\t\t\t\t<div id=\"elementor-tab-title-8973\" class=\"elementor-tab-title\" data-tab=\"3\" role=\"button\" aria-controls=\"elementor-tab-content-8973\" aria-expanded=\"false\">\n\t\t\t\t\t\t\t\t\t\t\t\t<span class=\"elementor-toggle-icon elementor-toggle-icon-right\" aria-hidden=\"true\">\n\t\t\t\t\t\t\t\t\t\t\t\t\t\t\t<span class=\"elementor-toggle-icon-closed\"><i class=\"fas fa-long-arrow-alt-down\"><\/i><\/span>\n\t\t\t\t\t\t\t\t<span class=\"elementor-toggle-icon-opened\"><i class=\"elementor-toggle-icon-opened fas fa-long-arrow-alt-up\"><\/i><\/span>\n\t\t\t\t\t\t\t\t\t\t\t\t\t<\/span>\n\t\t\t\t\t\t\t\t\t\t\t\t<a class=\"elementor-toggle-title\" tabindex=\"0\">Is there protection in place for the persons who report discrimination?<\/a>\n\t\t\t\t\t<\/div>\n\n\t\t\t\t\t<div id=\"elementor-tab-content-8973\" class=\"elementor-tab-content elementor-clearfix\" data-tab=\"3\" role=\"region\" aria-labelledby=\"elementor-tab-title-8973\"><div class=\"vc_tta-panel-body\"><div class=\"wpb_text_column wpb_content_element \"><div class=\"wpb_wrapper\"><p>A person who has not experienced discrimination him-\/herself but has witnessed the discrimination of another person and has the courage to report it is protected by the Anti-discrimination Act. The Act prohibits placing such a person in a less favorable position. This, for example, means that such a person cannot be made redundant or skipped in career advancement for which he\/ she meets the criteria on the grounds of his\/her support for an employee that has experienced discrimination.<\/p><\/div><\/div><\/div><\/div>\n\t\t\t\t<\/div>\n\t\t\t\t\t\t\t<div class=\"elementor-toggle-item\">\n\t\t\t\t\t<div id=\"elementor-tab-title-8974\" class=\"elementor-tab-title\" data-tab=\"4\" role=\"button\" aria-controls=\"elementor-tab-content-8974\" aria-expanded=\"false\">\n\t\t\t\t\t\t\t\t\t\t\t\t<span class=\"elementor-toggle-icon elementor-toggle-icon-right\" aria-hidden=\"true\">\n\t\t\t\t\t\t\t\t\t\t\t\t\t\t\t<span class=\"elementor-toggle-icon-closed\"><i class=\"fas fa-long-arrow-alt-down\"><\/i><\/span>\n\t\t\t\t\t\t\t\t<span class=\"elementor-toggle-icon-opened\"><i class=\"elementor-toggle-icon-opened fas fa-long-arrow-alt-up\"><\/i><\/span>\n\t\t\t\t\t\t\t\t\t\t\t\t\t<\/span>\n\t\t\t\t\t\t\t\t\t\t\t\t<a class=\"elementor-toggle-title\" tabindex=\"0\">What are the Ombudswoman\u2019s competences in cases of discrimination?<\/a>\n\t\t\t\t\t<\/div>\n\n\t\t\t\t\t<div id=\"elementor-tab-content-8974\" class=\"elementor-tab-content elementor-clearfix\" data-tab=\"4\" role=\"region\" aria-labelledby=\"elementor-tab-title-8974\"><div class=\"vc_tta-panel-body\"><div class=\"wpb_text_column wpb_content_element \"><div class=\"wpb_wrapper\"><p>As in other cases, the Ombudswoman conducts an investigation procedure. If she establishes suspicion of discrimination she can issue a warning or a recommendation to a person, an institution, a business or a company which discriminated against the claimant. She can also inform the claimant on how to proceed in order to protect himself\/herself from discrimination (e.g. advise the client to instigate legal proceedings).<\/p><p>However, if the Ombudswoman is contacted by a person who has already instigated legal proceedings pertaining to the case, she cannot investigate whether discrimination took place or not. This person can nonetheless turn to the Ombudswoman and request for her to join in with him\/her in the court case as an intervener.<\/p><\/div><\/div><\/div><\/div>\n\t\t\t\t<\/div>\n\t\t\t\t\t\t\t<div class=\"elementor-toggle-item\">\n\t\t\t\t\t<div id=\"elementor-tab-title-8975\" class=\"elementor-tab-title\" data-tab=\"5\" role=\"button\" aria-controls=\"elementor-tab-content-8975\" aria-expanded=\"false\">\n\t\t\t\t\t\t\t\t\t\t\t\t<span class=\"elementor-toggle-icon elementor-toggle-icon-right\" aria-hidden=\"true\">\n\t\t\t\t\t\t\t\t\t\t\t\t\t\t\t<span class=\"elementor-toggle-icon-closed\"><i class=\"fas fa-long-arrow-alt-down\"><\/i><\/span>\n\t\t\t\t\t\t\t\t<span class=\"elementor-toggle-icon-opened\"><i class=\"elementor-toggle-icon-opened fas fa-long-arrow-alt-up\"><\/i><\/span>\n\t\t\t\t\t\t\t\t\t\t\t\t\t<\/span>\n\t\t\t\t\t\t\t\t\t\t\t\t<a class=\"elementor-toggle-title\" tabindex=\"0\">What actions can the Ombudswoman take when handling the complaints?<\/a>\n\t\t\t\t\t<\/div>\n\n\t\t\t\t\t<div id=\"elementor-tab-content-8975\" class=\"elementor-tab-content elementor-clearfix\" data-tab=\"5\" role=\"region\" aria-labelledby=\"elementor-tab-title-8975\"><div class=\"vc_tta-panel-body\"><div class=\"wpb_text_column wpb_content_element \"><div class=\"wpb_wrapper\"><p>The Ombudswoman can:<\/p><p>a) Notify the claimant that no discrimination has occurred and\/or direct her\/him to a competent body.<\/p><p>b) In cases when a person claims discrimination occurred and the Ombudswoman finds no suspicion of discrimination but rather elements of the breach of the claimant\u2019s constitutional or statutory rights, she can handle a complaint within her competences as the Ombudsman in line with the Ombudsman Act and take action aimed at protecting the claimant\u2019s rights.<\/p><p>c) In cases of established suspicion of discrimination the Ombudswoman can, for example:<\/p><p>\u2013 advise a client regarding the possible legal action,<\/p><p>\u2013 issue a recommendation or a warning to an institution, a person or a company which discriminate against the claimant and instruct them on how to act in order to avoid discrimination in the future,<\/p><p>\u2013 in certain cases the Ombudswoman can instigate court proceedings\/press charges against the perpetrator of discrimination,<\/p><p>\u2013 can propose changes to discriminatory legislation or regulations.<\/p><p>d) Act as a third-party intervener in court proceedings on behalf of the complainant.<\/p><p>e) Conduct alternative dispute resolution (mediation) upon the complainant\u2019s request.<\/p><\/div><\/div><\/div><\/div>\n\t\t\t\t<\/div>\n\t\t\t\t\t\t\t\t<\/div>\n\t\t\t\t\t\t<\/div>\n\t\t\t\t<\/div>\n\t\t\t\t\t<\/div>\n\t\t<\/div>\n\t\t\t\t\t<\/div>\n\t\t<\/section>\n\t\t\t\t\t<\/div>\n\t\t<\/div>\n\t\t\t\t\t<\/div>\n\t\t<\/section>\n\t\t\t\t<\/div>\n\t\t","protected":false},"excerpt":{"rendered":"<p>General questions &nbsp; Persons deprived of liberty and NPM &nbsp; International role and activities &nbsp; Fighting discrimination<\/p>\n","protected":false},"author":1,"featured_media":0,"parent":0,"menu_order":0,"comment_status":"closed","ping_status":"closed","template":"","meta":{"footnotes":""},"tags":[],"class_list":["post-4386","page","type-page","status-publish","hentry"],"_links":{"self":[{"href":"https:\/\/www.ombudsman.hr\/en\/wp-json\/wp\/v2\/pages\/4386","targetHints":{"allow":["GET"]}}],"collection":[{"href":"https:\/\/www.ombudsman.hr\/en\/wp-json\/wp\/v2\/pages"}],"about":[{"href":"https:\/\/www.ombudsman.hr\/en\/wp-json\/wp\/v2\/types\/page"}],"author":[{"embeddable":true,"href":"https:\/\/www.ombudsman.hr\/en\/wp-json\/wp\/v2\/users\/1"}],"replies":[{"embeddable":true,"href":"https:\/\/www.ombudsman.hr\/en\/wp-json\/wp\/v2\/comments?post=4386"}],"version-history":[{"count":42,"href":"https:\/\/www.ombudsman.hr\/en\/wp-json\/wp\/v2\/pages\/4386\/revisions"}],"predecessor-version":[{"id":21851,"href":"https:\/\/www.ombudsman.hr\/en\/wp-json\/wp\/v2\/pages\/4386\/revisions\/21851"}],"wp:attachment":[{"href":"https:\/\/www.ombudsman.hr\/en\/wp-json\/wp\/v2\/media?parent=4386"}],"wp:term":[{"taxonomy":"post_tag","embeddable":true,"href":"https:\/\/www.ombudsman.hr\/en\/wp-json\/wp\/v2\/tags?post=4386"}],"curies":[{"name":"wp","href":"https:\/\/api.w.org\/{rel}","templated":true}]}}